{"id":10444,"date":"2023-09-25T10:37:08","date_gmt":"2023-09-25T08:37:08","guid":{"rendered":"https:\/\/jankweiler.at\/corporate-ma\/"},"modified":"2026-04-02T09:20:30","modified_gmt":"2026-04-02T07:20:30","slug":"corporate-ma","status":"publish","type":"page","link":"https:\/\/jankweiler.at\/en\/corporate-ma\/","title":{"rendered":"Corporate | M&amp;A"},"content":{"rendered":"\t\t<div data-elementor-type=\"wp-page\" data-elementor-id=\"10444\" class=\"elementor elementor-10444 elementor-6324\">\n\t\t\t\t\t\t<section style=\"background-image: url(https:\/\/jankweiler.at\/wp-content\/uploads\/2023\/10\/Deloitte-Legal_Office_Corporate.jpg);\" class=\"parallax_section_holder elementor-section elementor-top-section elementor-element elementor-element-7095648b elementor-section-height-min-height parallax_section_holder teamheader elementor-section-boxed elementor-section-height-default elementor-section-items-middle qode_elementor_container_no\" data-speed=\"0\" data-id=\"7095648b\" data-element_type=\"section\" data-settings=\"{&quot;qode_parallax_image&quot;:{&quot;url&quot;:&quot;https:\\\/\\\/jankweiler.at\\\/wp-content\\\/uploads\\\/2023\\\/10\\\/Deloitte-Legal_Office_Corporate.jpg&quot;,&quot;id&quot;:7353,&quot;size&quot;:&quot;&quot;,&quot;alt&quot;:&quot;&quot;,&quot;source&quot;:&quot;library&quot;},&quot;background_background&quot;:&quot;classic&quot;}\">\n\t\t\t\t\t\t\t<div class=\"elementor-background-overlay\"><\/div>\n\t\t\t\t\t\t\t<div class=\"elementor-container elementor-column-gap-default\">\n\t\t\t\t\t<div class=\"elementor-column elementor-col-100 elementor-top-column elementor-element elementor-element-55727f36\" data-id=\"55727f36\" data-element_type=\"column\">\n\t\t\t<div class=\"elementor-widget-wrap elementor-element-populated\">\n\t\t\t\t\t\t<div class=\"elementor-element elementor-element-564f19a6 parallaxtitle elementor-widget elementor-widget-text-editor\" data-id=\"564f19a6\" data-element_type=\"widget\" data-widget_type=\"text-editor.default\">\n\t\t\t\t<div class=\"elementor-widget-container\">\n\t\t\t\t\t\t\t<p>Corporate | M&amp;A<\/p>\t\t\t\t\t\t<\/div>\n\t\t\t\t<\/div>\n\t\t\t\t<div class=\"elementor-element elementor-element-1d9b288d parallaxtitle elementor-widget elementor-widget-heading\" data-id=\"1d9b288d\" data-element_type=\"widget\" data-widget_type=\"heading.default\">\n\t\t\t\t<div class=\"elementor-widget-container\">\n\t\t\t<h2 class=\"elementor-heading-title elementor-size-default\">#wearecorporatelaw<\/h2>\t\t<\/div>\n\t\t\t\t<\/div>\n\t\t\t\t\t<\/div>\n\t\t<\/div>\n\t\t\t\t\t<\/div>\n\t\t<\/section>\n\t\t\t\t<section class=\"elementor-section elementor-top-section elementor-element elementor-element-59dbb450 elementor-section-boxed elementor-section-height-default elementor-section-height-default parallax_section_no qode_elementor_container_no\" data-id=\"59dbb450\" data-element_type=\"section\" data-settings=\"{&quot;background_background&quot;:&quot;classic&quot;}\">\n\t\t\t\t\t\t<div class=\"elementor-container elementor-column-gap-default\">\n\t\t\t\t\t<div class=\"elementor-column elementor-col-100 elementor-top-column elementor-element elementor-element-625af70e\" data-id=\"625af70e\" data-element_type=\"column\">\n\t\t\t<div class=\"elementor-widget-wrap elementor-element-populated\">\n\t\t\t\t\t\t<section class=\"elementor-section elementor-inner-section elementor-element elementor-element-e7d285f elementor-section-full_width elementor-section-height-default elementor-section-height-default parallax_section_no qode_elementor_container_no\" data-id=\"e7d285f\" data-element_type=\"section\">\n\t\t\t\t\t\t<div class=\"elementor-container elementor-column-gap-wider\">\n\t\t\t\t\t<div class=\"elementor-column elementor-col-100 elementor-inner-column elementor-element elementor-element-c96fb05\" data-id=\"c96fb05\" data-element_type=\"column\">\n\t\t\t<div class=\"elementor-widget-wrap\">\n\t\t\t\t\t\t\t<\/div>\n\t\t<\/div>\n\t\t\t\t\t<\/div>\n\t\t<\/section>\n\t\t\t\t<section class=\"elementor-section elementor-inner-section elementor-element elementor-element-fd41adc elementor-section-full_width elementor-section-height-default elementor-section-height-default parallax_section_no qode_elementor_container_no\" data-id=\"fd41adc\" data-element_type=\"section\">\n\t\t\t\t\t\t<div class=\"elementor-container elementor-column-gap-wider\">\n\t\t\t\t\t<div class=\"elementor-column elementor-col-66 elementor-inner-column elementor-element elementor-element-6defc4ff\" data-id=\"6defc4ff\" data-element_type=\"column\">\n\t\t\t<div class=\"elementor-widget-wrap elementor-element-populated\">\n\t\t\t\t\t\t<div class=\"elementor-element elementor-element-71f1fac white elementor-widget elementor-widget-text-editor\" data-id=\"71f1fac\" data-element_type=\"widget\" data-widget_type=\"text-editor.default\">\n\t\t\t\t<div class=\"elementor-widget-container\">\n\t\t\t\t\t\t\t<h1 class=\"elementor-heading-title elementor-size-default elementor-inline-editing pen\" style=\"background-color: #000000; letter-spacing: normal;\" data-elementor-setting-key=\"title\" data-pen-placeholder=\"Eingabe hier...\">Corporate<\/h1>\n<p>We advise Austrian and international companies in all areas of corporate and company law. <br \/>As part of our <b>corporate law<\/b> practice, we provide support in the design and implementation of holding structures, the formation and dissolution of companies, issues relating to management and supervisory bodies, shareholder disputes and the negotiation and implementation of <b>complex contracts<\/b>.<\/p>\t\t\t\t\t\t<\/div>\n\t\t\t\t<\/div>\n\t\t\t\t<div class=\"elementor-element elementor-element-a32a927 white elementor-widget elementor-widget-text-editor\" data-id=\"a32a927\" data-element_type=\"widget\" data-widget_type=\"text-editor.default\">\n\t\t\t\t<div class=\"elementor-widget-container\">\n\t\t\t\t\t\t\t<p>Our expertise also includes all aspects of national and cross-border <b>reorganizations <\/b>and restructurings of companies, in particular carve-out transactions, post-merger integration as well as local and cross-border mergers, transformations, and demergers. In such transactions, we work in an <b>interdisciplinary <\/b>manner in close cooperation with the Deloitte Tax team and our colleagues from the <b>global <\/b>Deloitte Legal network.<\/p>\t\t\t\t\t\t<\/div>\n\t\t\t\t<\/div>\n\t\t\t\t<div class=\"elementor-element elementor-element-573edd60 white elementor-widget elementor-widget-text-editor\" data-id=\"573edd60\" data-element_type=\"widget\" data-widget_type=\"text-editor.default\">\n\t\t\t\t<div class=\"elementor-widget-container\">\n\t\t\t\t\t\t\t<p>In addition, we support our clients in all matters relating to compliance with applicable <b>corporate governance<\/b> and <b>compliance management systems.<\/b><\/p>\t\t\t\t\t\t<\/div>\n\t\t\t\t<\/div>\n\t\t\t\t<div class=\"elementor-element elementor-element-27cb00f white elementor-widget elementor-widget-text-editor\" data-id=\"27cb00f\" data-element_type=\"widget\" data-widget_type=\"text-editor.default\">\n\t\t\t\t<div class=\"elementor-widget-container\">\n\t\t\t\t\t\t\t<h2>M&amp;A<\/h2><p>We have many years of experience in advising on national and cross-border M&amp;A, private equity and venture capital transactions in various business and industrial sectors. Our ongoing activities include setting up structured transaction processes, conducting due diligence reviews, drafting, and negotiating company purchase agreements and supporting post-merger integration processes.<\/p><p>We regularly advise <b>national and international financial investors<\/b> and family offices on private equity investments, co-investments, financing rounds, management participation programs and exit transactions as well as<b> venture capital investors<\/b> and start-up companies from the <b>establishment and structuring<\/b> of tailor-made investment models to further financing rounds and exits.<\/p>\t\t\t\t\t\t<\/div>\n\t\t\t\t<\/div>\n\t\t\t\t<div class=\"elementor-element elementor-element-0146262 white elementor-widget elementor-widget-text-editor\" data-id=\"0146262\" data-element_type=\"widget\" data-widget_type=\"text-editor.default\">\n\t\t\t\t<div class=\"elementor-widget-container\">\n\t\t\t\t\t\t\t<p>Our day-to-day business also includes advising clients from a wide range of industries on national and cross-border <strong>joint ventures<\/strong>, strategic partnerships, and minority shareholdings. In planning and structuring, we work on an <strong>interdisciplinary<\/strong> basis in close coordination with the Deloitte Tax and Corporate Finance teams and our colleagues from the <strong>global<\/strong> Deloitte Legal network.<\/p>\t\t\t\t\t\t<\/div>\n\t\t\t\t<\/div>\n\t\t\t\t<div class=\"elementor-element elementor-element-f17f051 white elementor-widget elementor-widget-text-editor\" data-id=\"f17f051\" data-element_type=\"widget\" data-widget_type=\"text-editor.default\">\n\t\t\t\t<div class=\"elementor-widget-container\">\n\t\t\t\t\t\t\t<p>We also provide support for <b>end-to-end post-merger integration processes<\/b>, both before and after closing, in close interdisciplinary coordination with Deloitte experts.<\/p>\t\t\t\t\t\t<\/div>\n\t\t\t\t<\/div>\n\t\t\t\t<div class=\"elementor-element elementor-element-569641f elementor-widget elementor-widget-bridge_testimonials_carousel\" data-id=\"569641f\" data-element_type=\"widget\" data-settings=\"{&quot;_animation&quot;:&quot;none&quot;}\" data-widget_type=\"bridge_testimonials_carousel.default\">\n\t\t\t\t<div class=\"elementor-widget-container\">\n\t\t\t<div class='testimonials_c_holder clearfix '><div class=\"testimonials_c testimonials_c_carousel\" data-show-navigation=\"no\" data-animation-speed=\"\" data-auto-rotate-slides=\"0\" data-number-per-slide=\"1\"><ul class=\"slides\"><li id=\"testimonials-c-10549\" class=\"testimonial_content\"><div class=\"testimonial_content_inner\"><div class=\"testimonial_text_holder\"><div class=\"testimonial_text_inner\" style=\"color: #E8EAE9;\"><p style=\"color:#E8EAE9\">\u201eVery precise but pragmatic approach, solution oriented, bring complex issues strictly to the point. Very high technical quality.\u201c<\/p><p class=\"testimonial_author\" style=\"color: #E8EAE9;color: #E8EAE9;\">The Legal 500<\/p><\/div><\/div><\/div><\/li><\/ul><\/div><\/div>\t\t<\/div>\n\t\t\t\t<\/div>\n\t\t\t\t\t<\/div>\n\t\t<\/div>\n\t\t\t\t<div class=\"elementor-column elementor-col-33 elementor-inner-column elementor-element elementor-element-61a7007\" data-id=\"61a7007\" data-element_type=\"column\">\n\t\t\t<div class=\"elementor-widget-wrap elementor-element-populated\">\n\t\t\t\t\t\t<div class=\"elementor-element elementor-element-74055927 white elementor-widget elementor-widget-text-editor\" data-id=\"74055927\" data-element_type=\"widget\" data-widget_type=\"text-editor.default\">\n\t\t\t\t<div class=\"elementor-widget-container\">\n\t\t\t\t\t\t\t<h3>Your Contact<\/h3>\t\t\t\t\t\t<\/div>\n\t\t\t\t<\/div>\n\t\t\t\t<div class=\"elementor-element elementor-element-a569b46 elementor-widget elementor-widget-spacer\" data-id=\"a569b46\" data-element_type=\"widget\" data-widget_type=\"spacer.default\">\n\t\t\t\t<div class=\"elementor-widget-container\">\n\t\t\t\t\t<div class=\"elementor-spacer\">\n\t\t\t<div class=\"elementor-spacer-inner\"><\/div>\n\t\t<\/div>\n\t\t\t\t<\/div>\n\t\t\t\t<\/div>\n\t\t\t\t<div class=\"elementor-element elementor-element-6bbb5b1 white elementor-widget elementor-widget-text-editor\" data-id=\"6bbb5b1\" data-element_type=\"widget\" data-widget_type=\"text-editor.default\">\n\t\t\t\t<div class=\"elementor-widget-container\">\n\t\t\t\t\t\t\t<h3>Maximilian Weiler<\/h3>\t\t\t\t\t\t<\/div>\n\t\t\t\t<\/div>\n\t\t\t\t<div class=\"elementor-element elementor-element-17153a27 white elementor-widget elementor-widget-text-editor\" data-id=\"17153a27\" data-element_type=\"widget\" data-widget_type=\"text-editor.default\">\n\t\t\t\t<div class=\"elementor-widget-container\">\n\t\t\t\t\t\t\t<p>Partner | Attorney at Law<\/p>\t\t\t\t\t\t<\/div>\n\t\t\t\t<\/div>\n\t\t\t\t<div class=\"elementor-element elementor-element-2dd1c2e3 elementor-widget elementor-widget-bridge_portfolio_list\" data-id=\"2dd1c2e3\" data-element_type=\"widget\" data-widget_type=\"bridge_portfolio_list.default\">\n\t\t\t\t<div class=\"elementor-widget-container\">\n\t\t\t<div class='projects_holder_outer v1 portfolio_with_space portfolio_standard'>\n        <div class='projects_holder portfolio_main_holder clearfix v1 standard portfolio_square_image portfolio_one_by_one'>\n        \n        <article class='mix portfolio_category_240 portfolio_category_246 portfolio_category_243 default' style=''>\n    \n    \n        <span class=\"qode-portfolio-new-badge\">\n        Partner    <\/span>\n\n    \n            <div class=\"item_holder slow_zoom\">\n\n                <div class=\"text_holder\">\n    <div class=\"text_holder_outer\">\n        <div class=\"text_holder_inner\">\n            \n        <\/div>\n    <\/div>\n<\/div>\n    <div class=\"icons_holder\">\n        \n        \n                <a itemprop=\"url\" class=\"preview\" title=\"Go to Project \" href=\"https:\/\/jankweiler.at\/en\/maximilian-weiler\/\" data-type=\"portfolio_list\" target=\"_self\" ><\/a>\n        <\/div>\n\n                                    <a itemprop=\"url\" class=\"portfolio_link_class\" title=\"Maximilian Weiler\" href=\"https:\/\/jankweiler.at\/en\/maximilian-weiler\/\"><\/a>\n                \n                <div style=\"\" class=\"portfolio_shader\"><\/div>\n                <div class=\"image_holder\">\n                    \n<span class='image'><img fetchpriority=\"high\" decoding=\"async\" width=\"570\" height=\"570\" src=\"https:\/\/jankweiler.at\/wp-content\/uploads\/2023\/09\/Deloitte-Legal-Portrait-Maximilian-Weiler-close-up-fav5-570x570.jpg\" class=\"attachment-portfolio-square size-portfolio-square wp-post-image\" alt=\"\" srcset=\"https:\/\/jankweiler.at\/wp-content\/uploads\/2023\/09\/Deloitte-Legal-Portrait-Maximilian-Weiler-close-up-fav5-570x570.jpg 570w, https:\/\/jankweiler.at\/wp-content\/uploads\/2023\/09\/Deloitte-Legal-Portrait-Maximilian-Weiler-close-up-fav5-150x150.jpg 150w, https:\/\/jankweiler.at\/wp-content\/uploads\/2023\/09\/Deloitte-Legal-Portrait-Maximilian-Weiler-close-up-fav5-500x500.jpg 500w, https:\/\/jankweiler.at\/wp-content\/uploads\/2023\/09\/Deloitte-Legal-Portrait-Maximilian-Weiler-close-up-fav5-1000x1000.jpg 1000w, https:\/\/jankweiler.at\/wp-content\/uploads\/2023\/09\/Deloitte-Legal-Portrait-Maximilian-Weiler-close-up-fav5-650x650.jpg 650w, https:\/\/jankweiler.at\/wp-content\/uploads\/2023\/09\/Deloitte-Legal-Portrait-Maximilian-Weiler-close-up-fav5-1300x1300.jpg 1300w\" sizes=\"(max-width: 570px) 100vw, 570px\" \/><\/span>                <\/div>\n            <\/div>\n\n            \n        \n<\/article>\n    <\/div>\n\n    \n    <\/div>\t\t<\/div>\n\t\t\t\t<\/div>\n\t\t\t\t<div class=\"elementor-element elementor-element-6728789d elementor-align-center elementor-widget__width-inherit elementor-widget elementor-widget-button\" data-id=\"6728789d\" data-element_type=\"widget\" data-widget_type=\"button.default\">\n\t\t\t\t<div class=\"elementor-widget-container\">\n\t\t\t\t\t\t\t<div class=\"elementor-button-wrapper\">\n\t\t\t\t\t<a class=\"elementor-button elementor-button-link elementor-size-sm\" href=\"https:\/\/jankweiler.at\/en\/maximilian-weiler\/\">\n\t\t\t\t\t\t<span class=\"elementor-button-content-wrapper\">\n\t\t\t\t\t\t<span class=\"elementor-button-icon\">\n\t\t\t\t<i aria-hidden=\"true\" class=\"fas fa-arrow-right\"><\/i>\t\t\t<\/span>\n\t\t\t\t\t\t\t\t\t<span class=\"elementor-button-text\">Personal Details<\/span>\n\t\t\t\t\t<\/span>\n\t\t\t\t\t<\/a>\n\t\t\t\t<\/div>\n\t\t\t\t\t\t<\/div>\n\t\t\t\t<\/div>\n\t\t\t\t<div class=\"elementor-element elementor-element-ab5e54f elementor-widget elementor-widget-spacer\" data-id=\"ab5e54f\" data-element_type=\"widget\" data-widget_type=\"spacer.default\">\n\t\t\t\t<div class=\"elementor-widget-container\">\n\t\t\t\t\t<div class=\"elementor-spacer\">\n\t\t\t<div class=\"elementor-spacer-inner\"><\/div>\n\t\t<\/div>\n\t\t\t\t<\/div>\n\t\t\t\t<\/div>\n\t\t\t\t<div class=\"elementor-element elementor-element-23dfe93 white elementor-widget elementor-widget-text-editor\" data-id=\"23dfe93\" data-element_type=\"widget\" data-widget_type=\"text-editor.default\">\n\t\t\t\t<div class=\"elementor-widget-container\">\n\t\t\t\t\t\t\t<h3>\u00a0Alexander Operenyi<\/h3>\t\t\t\t\t\t<\/div>\n\t\t\t\t<\/div>\n\t\t\t\t<div class=\"elementor-element elementor-element-c52e0f1 white elementor-widget elementor-widget-text-editor\" data-id=\"c52e0f1\" data-element_type=\"widget\" data-widget_type=\"text-editor.default\">\n\t\t\t\t<div class=\"elementor-widget-container\">\n\t\t\t\t\t\t\t<p>Partner | Attorney at Law<\/p>\t\t\t\t\t\t<\/div>\n\t\t\t\t<\/div>\n\t\t\t\t<div class=\"elementor-element elementor-element-a494f6a elementor-widget elementor-widget-bridge_portfolio_list\" data-id=\"a494f6a\" data-element_type=\"widget\" data-widget_type=\"bridge_portfolio_list.default\">\n\t\t\t\t<div class=\"elementor-widget-container\">\n\t\t\t<div class='projects_holder_outer v1 portfolio_with_space portfolio_standard'>\n        <div class='projects_holder portfolio_main_holder clearfix v1 standard portfolio_square_image portfolio_one_by_one'>\n        \n        <article class='mix portfolio_category_240 portfolio_category_245 portfolio_category_243 default' style=''>\n    \n    \n        <span class=\"qode-portfolio-new-badge\">\n        Partner    <\/span>\n\n    \n            <div class=\"item_holder slow_zoom\">\n\n                <div class=\"text_holder\">\n    <div class=\"text_holder_outer\">\n        <div class=\"text_holder_inner\">\n            \n        <\/div>\n    <\/div>\n<\/div>\n    <div class=\"icons_holder\">\n        \n        \n                <a itemprop=\"url\" class=\"preview\" title=\"Go to Project \" href=\"https:\/\/jankweiler.at\/en\/alexander-operenyi\/\" data-type=\"portfolio_list\" target=\"_self\" ><\/a>\n        <\/div>\n\n                                    <a itemprop=\"url\" class=\"portfolio_link_class\" title=\"Alexander Operenyi\" href=\"https:\/\/jankweiler.at\/en\/alexander-operenyi\/\"><\/a>\n                \n                <div style=\"\" class=\"portfolio_shader\"><\/div>\n                <div class=\"image_holder\">\n                    \n<span class='image'><img decoding=\"async\" width=\"570\" height=\"570\" src=\"https:\/\/jankweiler.at\/wp-content\/uploads\/2023\/09\/Deloitte-Legal-Portrait-Alexander-Operenyi-close-up-fav-570x570.jpg\" class=\"attachment-portfolio-square size-portfolio-square wp-post-image\" alt=\"\" srcset=\"https:\/\/jankweiler.at\/wp-content\/uploads\/2023\/09\/Deloitte-Legal-Portrait-Alexander-Operenyi-close-up-fav-570x570.jpg 570w, https:\/\/jankweiler.at\/wp-content\/uploads\/2023\/09\/Deloitte-Legal-Portrait-Alexander-Operenyi-close-up-fav-150x150.jpg 150w, https:\/\/jankweiler.at\/wp-content\/uploads\/2023\/09\/Deloitte-Legal-Portrait-Alexander-Operenyi-close-up-fav-500x500.jpg 500w, https:\/\/jankweiler.at\/wp-content\/uploads\/2023\/09\/Deloitte-Legal-Portrait-Alexander-Operenyi-close-up-fav-1000x1000.jpg 1000w, https:\/\/jankweiler.at\/wp-content\/uploads\/2023\/09\/Deloitte-Legal-Portrait-Alexander-Operenyi-close-up-fav-650x650.jpg 650w, https:\/\/jankweiler.at\/wp-content\/uploads\/2023\/09\/Deloitte-Legal-Portrait-Alexander-Operenyi-close-up-fav-1300x1300.jpg 1300w\" sizes=\"(max-width: 570px) 100vw, 570px\" \/><\/span>                <\/div>\n            <\/div>\n\n            \n        \n<\/article>\n    <\/div>\n\n    \n    <\/div>\t\t<\/div>\n\t\t\t\t<\/div>\n\t\t\t\t<div class=\"elementor-element elementor-element-f0e8a74 elementor-align-center elementor-widget__width-inherit elementor-widget elementor-widget-button\" data-id=\"f0e8a74\" data-element_type=\"widget\" data-widget_type=\"button.default\">\n\t\t\t\t<div class=\"elementor-widget-container\">\n\t\t\t\t\t\t\t<div class=\"elementor-button-wrapper\">\n\t\t\t\t\t<a class=\"elementor-button elementor-button-link elementor-size-sm\" href=\"https:\/\/jankweiler.at\/en\/alexander-operenyi\/\">\n\t\t\t\t\t\t<span class=\"elementor-button-content-wrapper\">\n\t\t\t\t\t\t<span class=\"elementor-button-icon\">\n\t\t\t\t<i aria-hidden=\"true\" class=\"fas fa-arrow-right\"><\/i>\t\t\t<\/span>\n\t\t\t\t\t\t\t\t\t<span class=\"elementor-button-text\">Personal Details<\/span>\n\t\t\t\t\t<\/span>\n\t\t\t\t\t<\/a>\n\t\t\t\t<\/div>\n\t\t\t\t\t\t<\/div>\n\t\t\t\t<\/div>\n\t\t\t\t<div class=\"elementor-element elementor-element-a3f7513 elementor-widget elementor-widget-spacer\" data-id=\"a3f7513\" data-element_type=\"widget\" data-widget_type=\"spacer.default\">\n\t\t\t\t<div class=\"elementor-widget-container\">\n\t\t\t\t\t<div class=\"elementor-spacer\">\n\t\t\t<div class=\"elementor-spacer-inner\"><\/div>\n\t\t<\/div>\n\t\t\t\t<\/div>\n\t\t\t\t<\/div>\n\t\t\t\t<div class=\"elementor-element elementor-element-e2c1cd3 white elementor-widget elementor-widget-text-editor\" data-id=\"e2c1cd3\" data-element_type=\"widget\" data-widget_type=\"text-editor.default\">\n\t\t\t\t<div class=\"elementor-widget-container\">\n\t\t\t\t\t\t\t<h3><span style=\"letter-spacing: 0px;\">Johannes Lutterotti<\/span><\/h3>\t\t\t\t\t\t<\/div>\n\t\t\t\t<\/div>\n\t\t\t\t<div class=\"elementor-element elementor-element-84a11a2 white elementor-widget elementor-widget-text-editor\" data-id=\"84a11a2\" data-element_type=\"widget\" data-widget_type=\"text-editor.default\">\n\t\t\t\t<div class=\"elementor-widget-container\">\n\t\t\t\t\t\t\t<p>Partner |\u00a0<span style=\"background-color: #000000;\">\u00a0<\/span><span style=\"background-color: #000000;\">Attorney at Law<\/span><\/p>\t\t\t\t\t\t<\/div>\n\t\t\t\t<\/div>\n\t\t\t\t<div class=\"elementor-element elementor-element-2fc3e38 elementor-widget elementor-widget-bridge_portfolio_list\" data-id=\"2fc3e38\" data-element_type=\"widget\" data-widget_type=\"bridge_portfolio_list.default\">\n\t\t\t\t<div class=\"elementor-widget-container\">\n\t\t\t<div class='projects_holder_outer v1 portfolio_with_space portfolio_standard'>\n        <div class='projects_holder portfolio_main_holder clearfix v1 standard portfolio_square_image portfolio_one_by_one'>\n        \n        <article class='mix portfolio_category_240 portfolio_category_371 portfolio_category_246 portfolio_category_243 default' style=''>\n    \n    \n        <span class=\"qode-portfolio-new-badge\">\n        Partner    <\/span>\n\n    \n            <div class=\"item_holder slow_zoom\">\n\n                <div class=\"text_holder\">\n    <div class=\"text_holder_outer\">\n        <div class=\"text_holder_inner\">\n            \n        <\/div>\n    <\/div>\n<\/div>\n    <div class=\"icons_holder\">\n        \n        \n                <a itemprop=\"url\" class=\"preview\" title=\"Go to Project \" href=\"https:\/\/jankweiler.at\/en\/johannes-lutterotti\/\" data-type=\"portfolio_list\" target=\"_self\" ><\/a>\n        <\/div>\n\n                                    <a itemprop=\"url\" class=\"portfolio_link_class\" title=\"Johannes Lutterotti\" href=\"https:\/\/jankweiler.at\/en\/johannes-lutterotti\/\"><\/a>\n                \n                <div style=\"\" class=\"portfolio_shader\"><\/div>\n                <div class=\"image_holder\">\n                    \n<span class='image'><img decoding=\"async\" width=\"570\" height=\"570\" src=\"https:\/\/jankweiler.at\/wp-content\/uploads\/2023\/09\/Deloitte-Legal-Portrait-Johannes-Lutterotti-close-up-fav-570x570.jpg\" class=\"attachment-portfolio-square size-portfolio-square wp-post-image\" alt=\"\" srcset=\"https:\/\/jankweiler.at\/wp-content\/uploads\/2023\/09\/Deloitte-Legal-Portrait-Johannes-Lutterotti-close-up-fav-570x570.jpg 570w, https:\/\/jankweiler.at\/wp-content\/uploads\/2023\/09\/Deloitte-Legal-Portrait-Johannes-Lutterotti-close-up-fav-150x150.jpg 150w, https:\/\/jankweiler.at\/wp-content\/uploads\/2023\/09\/Deloitte-Legal-Portrait-Johannes-Lutterotti-close-up-fav-500x500.jpg 500w, https:\/\/jankweiler.at\/wp-content\/uploads\/2023\/09\/Deloitte-Legal-Portrait-Johannes-Lutterotti-close-up-fav-1000x1000.jpg 1000w, https:\/\/jankweiler.at\/wp-content\/uploads\/2023\/09\/Deloitte-Legal-Portrait-Johannes-Lutterotti-close-up-fav-650x650.jpg 650w, https:\/\/jankweiler.at\/wp-content\/uploads\/2023\/09\/Deloitte-Legal-Portrait-Johannes-Lutterotti-close-up-fav-1300x1300.jpg 1300w\" sizes=\"(max-width: 570px) 100vw, 570px\" \/><\/span>                <\/div>\n            <\/div>\n\n            \n        \n<\/article>\n    <\/div>\n\n    \n    <\/div>\t\t<\/div>\n\t\t\t\t<\/div>\n\t\t\t\t<div class=\"elementor-element elementor-element-7c12a52 elementor-align-center elementor-widget__width-inherit elementor-widget elementor-widget-button\" data-id=\"7c12a52\" data-element_type=\"widget\" data-widget_type=\"button.default\">\n\t\t\t\t<div class=\"elementor-widget-container\">\n\t\t\t\t\t\t\t<div class=\"elementor-button-wrapper\">\n\t\t\t\t\t<a class=\"elementor-button elementor-button-link elementor-size-sm\" href=\"https:\/\/jankweiler.at\/en\/johannes-lutterotti\/\">\n\t\t\t\t\t\t<span class=\"elementor-button-content-wrapper\">\n\t\t\t\t\t\t<span class=\"elementor-button-icon\">\n\t\t\t\t<i aria-hidden=\"true\" class=\"fas fa-arrow-right\"><\/i>\t\t\t<\/span>\n\t\t\t\t\t\t\t\t\t<span class=\"elementor-button-text\">Personal Details<\/span>\n\t\t\t\t\t<\/span>\n\t\t\t\t\t<\/a>\n\t\t\t\t<\/div>\n\t\t\t\t\t\t<\/div>\n\t\t\t\t<\/div>\n\t\t\t\t<div class=\"elementor-element elementor-element-b44eeda elementor-align-center elementor-widget__width-inherit elementor-widget elementor-widget-button\" data-id=\"b44eeda\" data-element_type=\"widget\" data-widget_type=\"button.default\">\n\t\t\t\t<div class=\"elementor-widget-container\">\n\t\t\t\t\t\t\t<div class=\"elementor-button-wrapper\">\n\t\t\t\t\t<a class=\"elementor-button elementor-button-link elementor-size-sm\" href=\"https:\/\/jankweiler.at\/team-graz\/\">\n\t\t\t\t\t\t<span class=\"elementor-button-content-wrapper\">\n\t\t\t\t\t\t<span class=\"elementor-button-icon\">\n\t\t\t\t<i aria-hidden=\"true\" class=\"fas fa-arrow-right\"><\/i>\t\t\t<\/span>\n\t\t\t\t\t\t\t\t\t<span class=\"elementor-button-text\">Team Graz<\/span>\n\t\t\t\t\t<\/span>\n\t\t\t\t\t<\/a>\n\t\t\t\t<\/div>\n\t\t\t\t\t\t<\/div>\n\t\t\t\t<\/div>\n\t\t\t\t\t<\/div>\n\t\t<\/div>\n\t\t\t\t\t<\/div>\n\t\t<\/section>\n\t\t\t\t\t<\/div>\n\t\t<\/div>\n\t\t\t\t\t<\/div>\n\t\t<\/section>\n\t\t\t\t<section class=\"elementor-section elementor-top-section elementor-element elementor-element-42b01183 elementor-section-boxed elementor-section-height-default elementor-section-height-default parallax_section_no qode_elementor_container_no\" data-id=\"42b01183\" data-element_type=\"section\" data-settings=\"{&quot;background_background&quot;:&quot;classic&quot;}\">\n\t\t\t\t\t\t<div class=\"elementor-container elementor-column-gap-wider\">\n\t\t\t\t\t<div class=\"elementor-column elementor-col-66 elementor-top-column elementor-element elementor-element-54cf3bf5\" data-id=\"54cf3bf5\" data-element_type=\"column\">\n\t\t\t<div class=\"elementor-widget-wrap elementor-element-populated\">\n\t\t\t\t\t\t<div class=\"elementor-element elementor-element-74dffa88 elementor-widget elementor-widget-heading\" data-id=\"74dffa88\" data-element_type=\"widget\" data-widget_type=\"heading.default\">\n\t\t\t\t<div class=\"elementor-widget-container\">\n\t\t\t<h2 class=\"elementor-heading-title elementor-size-default\">Our expertise in Corporate|M&amp;A<\/h2>\t\t<\/div>\n\t\t\t\t<\/div>\n\t\t\t\t<div class=\"elementor-element elementor-element-2fcc7193 elementor-widget elementor-widget-accordion\" data-id=\"2fcc7193\" data-element_type=\"widget\" data-widget_type=\"accordion.default\">\n\t\t\t\t<div class=\"elementor-widget-container\">\n\t\t\t\t\t<div class=\"elementor-accordion\">\n\t\t\t\t\t\t\t<div class=\"elementor-accordion-item\">\n\t\t\t\t\t<div id=\"elementor-tab-title-8011\" class=\"elementor-tab-title\" data-tab=\"1\" role=\"button\" aria-controls=\"elementor-tab-content-8011\" aria-expanded=\"false\">\n\t\t\t\t\t\t\t\t\t\t\t\t\t<span class=\"elementor-accordion-icon elementor-accordion-icon-left\" aria-hidden=\"true\">\n\t\t\t\t\t\t\t\t\t\t\t\t\t\t\t<span class=\"elementor-accordion-icon-closed\"><i class=\"fas fa-plus\"><\/i><\/span>\n\t\t\t\t\t\t\t\t<span class=\"elementor-accordion-icon-opened\"><i class=\"fas fa-minus\"><\/i><\/span>\n\t\t\t\t\t\t\t\t\t\t\t\t\t\t<\/span>\n\t\t\t\t\t\t\t\t\t\t\t\t<a class=\"elementor-accordion-title\" tabindex=\"0\">Corporate Law Advice<\/a>\n\t\t\t\t\t<\/div>\n\t\t\t\t\t<div id=\"elementor-tab-content-8011\" class=\"elementor-tab-content elementor-clearfix\" data-tab=\"1\" role=\"region\" aria-labelledby=\"elementor-tab-title-8011\"><p>Advice on all corporate law issues as well as the formation, implementation, amendment and dissolution of group and corporate structures. Advice and representation of management and supervisory bodies as well as shareholder disputes.<\/p><\/div>\n\t\t\t\t<\/div>\n\t\t\t\t\t\t\t<div class=\"elementor-accordion-item\">\n\t\t\t\t\t<div id=\"elementor-tab-title-8012\" class=\"elementor-tab-title\" data-tab=\"2\" role=\"button\" aria-controls=\"elementor-tab-content-8012\" aria-expanded=\"false\">\n\t\t\t\t\t\t\t\t\t\t\t\t\t<span class=\"elementor-accordion-icon elementor-accordion-icon-left\" aria-hidden=\"true\">\n\t\t\t\t\t\t\t\t\t\t\t\t\t\t\t<span class=\"elementor-accordion-icon-closed\"><i class=\"fas fa-plus\"><\/i><\/span>\n\t\t\t\t\t\t\t\t<span class=\"elementor-accordion-icon-opened\"><i class=\"fas fa-minus\"><\/i><\/span>\n\t\t\t\t\t\t\t\t\t\t\t\t\t\t<\/span>\n\t\t\t\t\t\t\t\t\t\t\t\t<a class=\"elementor-accordion-title\" tabindex=\"0\">Reorganizations<\/a>\n\t\t\t\t\t<\/div>\n\t\t\t\t\t<div id=\"elementor-tab-content-8012\" class=\"elementor-tab-content elementor-clearfix\" data-tab=\"2\" role=\"region\" aria-labelledby=\"elementor-tab-title-8012\"><p>Structuring of national and cross-border reorganizations, carve-outs, mergers, transformations, and demergers as well as corporate restructurings &#8211; interdisciplinary and closely coordinated with the Deloitte Tax team and the global Deloitte Legal network.<\/p><\/div>\n\t\t\t\t<\/div>\n\t\t\t\t\t\t\t<div class=\"elementor-accordion-item\">\n\t\t\t\t\t<div id=\"elementor-tab-title-8013\" class=\"elementor-tab-title\" data-tab=\"3\" role=\"button\" aria-controls=\"elementor-tab-content-8013\" aria-expanded=\"false\">\n\t\t\t\t\t\t\t\t\t\t\t\t\t<span class=\"elementor-accordion-icon elementor-accordion-icon-left\" aria-hidden=\"true\">\n\t\t\t\t\t\t\t\t\t\t\t\t\t\t\t<span class=\"elementor-accordion-icon-closed\"><i class=\"fas fa-plus\"><\/i><\/span>\n\t\t\t\t\t\t\t\t<span class=\"elementor-accordion-icon-opened\"><i class=\"fas fa-minus\"><\/i><\/span>\n\t\t\t\t\t\t\t\t\t\t\t\t\t\t<\/span>\n\t\t\t\t\t\t\t\t\t\t\t\t<a class=\"elementor-accordion-title\" tabindex=\"0\">Corporate Governance<\/a>\n\t\t\t\t\t<\/div>\n\t\t\t\t\t<div id=\"elementor-tab-content-8013\" class=\"elementor-tab-content elementor-clearfix\" data-tab=\"3\" role=\"region\" aria-labelledby=\"elementor-tab-title-8013\"><p>Support in all matters relating to the implementation of and compliance with applicable corporate governance and compliance management systems.<\/p><\/div>\n\t\t\t\t<\/div>\n\t\t\t\t\t\t\t<div class=\"elementor-accordion-item\">\n\t\t\t\t\t<div id=\"elementor-tab-title-8014\" class=\"elementor-tab-title\" data-tab=\"4\" role=\"button\" aria-controls=\"elementor-tab-content-8014\" aria-expanded=\"false\">\n\t\t\t\t\t\t\t\t\t\t\t\t\t<span class=\"elementor-accordion-icon elementor-accordion-icon-left\" aria-hidden=\"true\">\n\t\t\t\t\t\t\t\t\t\t\t\t\t\t\t<span class=\"elementor-accordion-icon-closed\"><i class=\"fas fa-plus\"><\/i><\/span>\n\t\t\t\t\t\t\t\t<span class=\"elementor-accordion-icon-opened\"><i class=\"fas fa-minus\"><\/i><\/span>\n\t\t\t\t\t\t\t\t\t\t\t\t\t\t<\/span>\n\t\t\t\t\t\t\t\t\t\t\t\t<a class=\"elementor-accordion-title\" tabindex=\"0\">M&A-Transactions<\/a>\n\t\t\t\t\t<\/div>\n\t\t\t\t\t<div id=\"elementor-tab-content-8014\" class=\"elementor-tab-content elementor-clearfix\" data-tab=\"4\" role=\"region\" aria-labelledby=\"elementor-tab-title-8014\"><p>Advising on national and cross-border M&amp;A, private equity, and venture capital transactions, setting up structured transaction processes and negotiating company purchase agreements and shareholders&#8217; agreements.<\/p><\/div>\n\t\t\t\t<\/div>\n\t\t\t\t\t\t\t<div class=\"elementor-accordion-item\">\n\t\t\t\t\t<div id=\"elementor-tab-title-8015\" class=\"elementor-tab-title\" data-tab=\"5\" role=\"button\" aria-controls=\"elementor-tab-content-8015\" aria-expanded=\"false\">\n\t\t\t\t\t\t\t\t\t\t\t\t\t<span class=\"elementor-accordion-icon elementor-accordion-icon-left\" aria-hidden=\"true\">\n\t\t\t\t\t\t\t\t\t\t\t\t\t\t\t<span class=\"elementor-accordion-icon-closed\"><i class=\"fas fa-plus\"><\/i><\/span>\n\t\t\t\t\t\t\t\t<span class=\"elementor-accordion-icon-opened\"><i class=\"fas fa-minus\"><\/i><\/span>\n\t\t\t\t\t\t\t\t\t\t\t\t\t\t<\/span>\n\t\t\t\t\t\t\t\t\t\t\t\t<a class=\"elementor-accordion-title\" tabindex=\"0\">Due Diligence Audits<\/a>\n\t\t\t\t\t<\/div>\n\t\t\t\t\t<div id=\"elementor-tab-content-8015\" class=\"elementor-tab-content elementor-clearfix\" data-tab=\"5\" role=\"region\" aria-labelledby=\"elementor-tab-title-8015\"><p>Interdisciplinary implementation of due diligence audits &#8211; legal only or as a one-stop-shop service from a single source with Deloitte&#8217;s tax and financial advisory experts.<\/p><\/div>\n\t\t\t\t<\/div>\n\t\t\t\t\t\t\t<div class=\"elementor-accordion-item\">\n\t\t\t\t\t<div id=\"elementor-tab-title-8016\" class=\"elementor-tab-title\" data-tab=\"6\" role=\"button\" aria-controls=\"elementor-tab-content-8016\" aria-expanded=\"false\">\n\t\t\t\t\t\t\t\t\t\t\t\t\t<span class=\"elementor-accordion-icon elementor-accordion-icon-left\" aria-hidden=\"true\">\n\t\t\t\t\t\t\t\t\t\t\t\t\t\t\t<span class=\"elementor-accordion-icon-closed\"><i class=\"fas fa-plus\"><\/i><\/span>\n\t\t\t\t\t\t\t\t<span class=\"elementor-accordion-icon-opened\"><i class=\"fas fa-minus\"><\/i><\/span>\n\t\t\t\t\t\t\t\t\t\t\t\t\t\t<\/span>\n\t\t\t\t\t\t\t\t\t\t\t\t<a class=\"elementor-accordion-title\" tabindex=\"0\">Joint Ventures<\/a>\n\t\t\t\t\t<\/div>\n\t\t\t\t\t<div id=\"elementor-tab-content-8016\" class=\"elementor-tab-content elementor-clearfix\" data-tab=\"6\" role=\"region\" aria-labelledby=\"elementor-tab-title-8016\"><p>Advice on and structuring of joint ventures, strategic partnerships, and minority shareholdings from mutual due diligence reviews, implementation, ongoing advice to dissolution and representation in corporate disputes.<\/p><\/div>\n\t\t\t\t<\/div>\n\t\t\t\t\t\t\t<div class=\"elementor-accordion-item\">\n\t\t\t\t\t<div id=\"elementor-tab-title-8017\" class=\"elementor-tab-title\" data-tab=\"7\" role=\"button\" aria-controls=\"elementor-tab-content-8017\" aria-expanded=\"false\">\n\t\t\t\t\t\t\t\t\t\t\t\t\t<span class=\"elementor-accordion-icon elementor-accordion-icon-left\" aria-hidden=\"true\">\n\t\t\t\t\t\t\t\t\t\t\t\t\t\t\t<span class=\"elementor-accordion-icon-closed\"><i class=\"fas fa-plus\"><\/i><\/span>\n\t\t\t\t\t\t\t\t<span class=\"elementor-accordion-icon-opened\"><i class=\"fas fa-minus\"><\/i><\/span>\n\t\t\t\t\t\t\t\t\t\t\t\t\t\t<\/span>\n\t\t\t\t\t\t\t\t\t\t\t\t<a class=\"elementor-accordion-title\" tabindex=\"0\">Post Merger Integration<\/a>\n\t\t\t\t\t<\/div>\n\t\t\t\t\t<div id=\"elementor-tab-content-8017\" class=\"elementor-tab-content elementor-clearfix\" data-tab=\"7\" role=\"region\" aria-labelledby=\"elementor-tab-title-8017\"><p>Support in end-to-end post-merger integration processes before and after closing and in close interdisciplinary coordination with Deloitte experts.<\/p><\/div>\n\t\t\t\t<\/div>\n\t\t\t\t\t\t\t<div class=\"elementor-accordion-item\">\n\t\t\t\t\t<div id=\"elementor-tab-title-8018\" class=\"elementor-tab-title\" data-tab=\"8\" role=\"button\" aria-controls=\"elementor-tab-content-8018\" aria-expanded=\"false\">\n\t\t\t\t\t\t\t\t\t\t\t\t\t<span class=\"elementor-accordion-icon elementor-accordion-icon-left\" aria-hidden=\"true\">\n\t\t\t\t\t\t\t\t\t\t\t\t\t\t\t<span class=\"elementor-accordion-icon-closed\"><i class=\"fas fa-plus\"><\/i><\/span>\n\t\t\t\t\t\t\t\t<span class=\"elementor-accordion-icon-opened\"><i class=\"fas fa-minus\"><\/i><\/span>\n\t\t\t\t\t\t\t\t\t\t\t\t\t\t<\/span>\n\t\t\t\t\t\t\t\t\t\t\t\t<a class=\"elementor-accordion-title\" tabindex=\"0\">Business Contract Law<\/a>\n\t\t\t\t\t<\/div>\n\t\t\t\t\t<div id=\"elementor-tab-content-8018\" class=\"elementor-tab-content elementor-clearfix\" data-tab=\"8\" role=\"region\" aria-labelledby=\"elementor-tab-title-8018\"><p>Advice on and drafting of complex corporate law contracts of all kinds.<\/p><\/div>\n\t\t\t\t<\/div>\n\t\t\t\t\t\t\t<div class=\"elementor-accordion-item\">\n\t\t\t\t\t<div id=\"elementor-tab-title-8019\" class=\"elementor-tab-title\" data-tab=\"9\" role=\"button\" aria-controls=\"elementor-tab-content-8019\" aria-expanded=\"false\">\n\t\t\t\t\t\t\t\t\t\t\t\t\t<span class=\"elementor-accordion-icon elementor-accordion-icon-left\" aria-hidden=\"true\">\n\t\t\t\t\t\t\t\t\t\t\t\t\t\t\t<span class=\"elementor-accordion-icon-closed\"><i class=\"fas fa-plus\"><\/i><\/span>\n\t\t\t\t\t\t\t\t<span class=\"elementor-accordion-icon-opened\"><i class=\"fas fa-minus\"><\/i><\/span>\n\t\t\t\t\t\t\t\t\t\t\t\t\t\t<\/span>\n\t\t\t\t\t\t\t\t\t\t\t\t<a class=\"elementor-accordion-title\" tabindex=\"0\">Corporate Governance<\/a>\n\t\t\t\t\t<\/div>\n\t\t\t\t\t<div id=\"elementor-tab-content-8019\" class=\"elementor-tab-content elementor-clearfix\" data-tab=\"9\" role=\"region\" aria-labelledby=\"elementor-tab-title-8019\"><p>Support in all matters relating to the implementation and compliance with applicable corporate governance and compliance management systems.<\/p><\/div>\n\t\t\t\t<\/div>\n\t\t\t\t\t\t\t\t<\/div>\n\t\t\t\t<\/div>\n\t\t\t\t<\/div>\n\t\t\t\t\t<\/div>\n\t\t<\/div>\n\t\t\t\t<div class=\"elementor-column elementor-col-33 elementor-top-column elementor-element elementor-element-3b4c06d ansprechpartner\" data-id=\"3b4c06d\" data-element_type=\"column\">\n\t\t\t<div class=\"elementor-widget-wrap elementor-element-populated\">\n\t\t\t\t\t\t<div class=\"elementor-element elementor-element-142c496c elementor-widget elementor-widget-heading\" data-id=\"142c496c\" data-element_type=\"widget\" data-widget_type=\"heading.default\">\n\t\t\t\t<div class=\"elementor-widget-container\">\n\t\t\t<h3 class=\"elementor-heading-title elementor-size-default\">Our projects<\/h3>\t\t<\/div>\n\t\t\t\t<\/div>\n\t\t\t\t<div class=\"elementor-element elementor-element-11e88ce3 elementor-widget elementor-widget-qi_addons_for_elementor_highlight\" data-id=\"11e88ce3\" data-element_type=\"widget\" data-widget_type=\"qi_addons_for_elementor_highlight.default\">\n\t\t\t\t<div class=\"elementor-widget-container\">\n\t\t\t<p class=\"qodef-shortcode qodef-m qodef-qi-highlight qodef-qi--has-appear qodef-highlight-style--color\" >\n\tAdvising <span class=\"qodef-highlight-text\" style=\"background-image: linear-gradient(to bottom, transparent 0%, #87BD27 0%, #87BD27 100%, transparent 100%)\">Armacell International S.A.<\/span> on the acquisition of Austroflex Rohr-Isoliersysteme GmbH. <\/p>\n\t\t<\/div>\n\t\t\t\t<\/div>\n\t\t\t\t<div class=\"elementor-element elementor-element-7568bf6c elementor-widget elementor-widget-qi_addons_for_elementor_highlight\" data-id=\"7568bf6c\" data-element_type=\"widget\" data-widget_type=\"qi_addons_for_elementor_highlight.default\">\n\t\t\t\t<div class=\"elementor-widget-container\">\n\t\t\t<p class=\"qodef-shortcode qodef-m qodef-qi-highlight qodef-qi--has-appear qodef-highlight-style--color\" >\n\tAdvising <span class=\"qodef-highlight-text\" style=\"background-image: linear-gradient(to bottom, transparent 0%, #87BD27 0%, #87BD27 100%, transparent 100%)\">Waldviertler Sparkasse Bank AG<\/span> in connection with the sale of the Czech banking business to \u010cesk\u00e1 spo\u0159itelna.<\/p>\n\t\t<\/div>\n\t\t\t\t<\/div>\n\t\t\t\t<div class=\"elementor-element elementor-element-13c9e6c8 elementor-widget elementor-widget-qi_addons_for_elementor_highlight\" data-id=\"13c9e6c8\" data-element_type=\"widget\" data-widget_type=\"qi_addons_for_elementor_highlight.default\">\n\t\t\t\t<div class=\"elementor-widget-container\">\n\t\t\t<p class=\"qodef-shortcode qodef-m qodef-qi-highlight qodef-qi--has-appear qodef-highlight-style--color\" >\n\tAdvising <span class=\"qodef-highlight-text\" style=\"background-image: linear-gradient(to bottom, transparent 0%, #87BD27 0%, #87BD27 100%, transparent 100%)\">Johann Offner Werkzeugindustrie Gesellschaft m.b.H.<\/span> on (i) the acquisition of the hand tool business of KRENHOF AG (asset deal) and (ii) the sale of its entire shareholding in KRENHOF AG to Pankl Racing Systems AG (share deal).<\/p>\n\t\t<\/div>\n\t\t\t\t<\/div>\n\t\t\t\t<div class=\"elementor-element elementor-element-3a16e4e elementor-widget elementor-widget-qi_addons_for_elementor_highlight\" data-id=\"3a16e4e\" data-element_type=\"widget\" data-widget_type=\"qi_addons_for_elementor_highlight.default\">\n\t\t\t\t<div class=\"elementor-widget-container\">\n\t\t\t<p class=\"qodef-shortcode qodef-m qodef-qi-highlight qodef-qi--has-appear qodef-highlight-style--color\" >\n\tAdvising the <span class=\"qodef-highlight-text\" style=\"background-image: linear-gradient(to bottom, transparent 0%, #87BD27 0%, #87BD27 100%, transparent 100%)\">Denzel Group<\/span> on the sale of MOTIONDATA VECTOR Software GmbH to the Canadian Volaris Group. <\/p>\n\t\t<\/div>\n\t\t\t\t<\/div>\n\t\t\t\t<div class=\"elementor-element elementor-element-65730a3e elementor-widget elementor-widget-qi_addons_for_elementor_highlight\" data-id=\"65730a3e\" data-element_type=\"widget\" data-widget_type=\"qi_addons_for_elementor_highlight.default\">\n\t\t\t\t<div class=\"elementor-widget-container\">\n\t\t\t<p class=\"qodef-shortcode qodef-m qodef-qi-highlight qodef-qi--has-appear qodef-highlight-style--color\" >\n\tAdvising <span class=\"qodef-highlight-text\" style=\"background-image: linear-gradient(to bottom, transparent 0%, #87BD27 0%, #87BD27 100%, transparent 100%)\">Generali Real Estate SpA<\/span> in connection with a joint venture with Apleona.<\/p>\n\t\t<\/div>\n\t\t\t\t<\/div>\n\t\t\t\t<div class=\"elementor-element elementor-element-bb79578 elementor-widget elementor-widget-qi_addons_for_elementor_highlight\" data-id=\"bb79578\" data-element_type=\"widget\" data-widget_type=\"qi_addons_for_elementor_highlight.default\">\n\t\t\t\t<div class=\"elementor-widget-container\">\n\t\t\t<p class=\"qodef-shortcode qodef-m qodef-qi-highlight qodef-qi--has-appear qodef-highlight-style--color\" >\n\tAdvising the <span class=\"qodef-highlight-text\" style=\"background-image: linear-gradient(to bottom, transparent 0%, #87BD27 0%, #87BD27 100%, transparent 100%)\">Kr\u00fcger Group<\/span> on various buy-side M&amp;A transactions.<\/p>\n\t\t<\/div>\n\t\t\t\t<\/div>\n\t\t\t\t<div class=\"elementor-element elementor-element-252409c6 elementor-widget elementor-widget-qi_addons_for_elementor_highlight\" data-id=\"252409c6\" data-element_type=\"widget\" data-widget_type=\"qi_addons_for_elementor_highlight.default\">\n\t\t\t\t<div class=\"elementor-widget-container\">\n\t\t\t<p class=\"qodef-shortcode qodef-m qodef-qi-highlight qodef-qi--has-appear qodef-highlight-style--color\" >\n\tAdvising <span class=\"qodef-highlight-text\" style=\"background-image: linear-gradient(to bottom, transparent 0%, #87BD27 0%, #87BD27 100%, transparent 100%)\">M\u00fcller Privatstiftung<\/span> on the structured sale process of Austria's largest amusement park and sale to the best bidder Compagnie des Alpes.<\/p>\n\t\t<\/div>\n\t\t\t\t<\/div>\n\t\t\t\t<div class=\"elementor-element elementor-element-7c977140 elementor-widget elementor-widget-qi_addons_for_elementor_highlight\" data-id=\"7c977140\" data-element_type=\"widget\" data-widget_type=\"qi_addons_for_elementor_highlight.default\">\n\t\t\t\t<div class=\"elementor-widget-container\">\n\t\t\t<p class=\"qodef-shortcode qodef-m qodef-qi-highlight qodef-qi--has-appear qodef-highlight-style--color\" >\n\tAdvising <span class=\"qodef-highlight-text\" style=\"background-image: linear-gradient(to bottom, transparent 0%, #87BD27 0%, #87BD27 100%, transparent 100%)\">CCE Holding<\/span> GmbH on the entry of Omnes Capital, S.A.S. as a new shareholder and the establishment of a joint venture.<\/p>\n\t\t<\/div>\n\t\t\t\t<\/div>\n\t\t\t\t<div class=\"elementor-element elementor-element-285b51d4 elementor-widget elementor-widget-qi_addons_for_elementor_highlight\" data-id=\"285b51d4\" data-element_type=\"widget\" data-widget_type=\"qi_addons_for_elementor_highlight.default\">\n\t\t\t\t<div class=\"elementor-widget-container\">\n\t\t\t<p class=\"qodef-shortcode qodef-m qodef-qi-highlight qodef-qi--has-appear qodef-highlight-style--color\" >\n\tAdvising <span class=\"qodef-highlight-text\" style=\"background-image: linear-gradient(to bottom, transparent 0%, #87BD27 0%, #87BD27 100%, transparent 100%)\">CCE Holding GmbH<\/span> on the entry of Omnes Capital, S.A.S. as a new shareholder and the establishment of a joint venture.<\/p>\n\t\t<\/div>\n\t\t\t\t<\/div>\n\t\t\t\t\t<\/div>\n\t\t<\/div>\n\t\t\t\t\t<\/div>\n\t\t<\/section>\n\t\t\t\t<section class=\"elementor-section elementor-top-section elementor-element elementor-element-7e6f2ecf elementor-section-full_width zitate-startseite elementor-section-height-default elementor-section-height-default parallax_section_no qode_elementor_container_no\" data-id=\"7e6f2ecf\" data-element_type=\"section\" data-settings=\"{&quot;background_background&quot;:&quot;classic&quot;}\">\n\t\t\t\t\t\t<div class=\"elementor-container elementor-column-gap-default\">\n\t\t\t\t\t<div class=\"elementor-column elementor-col-100 elementor-top-column elementor-element elementor-element-1b97646f\" data-id=\"1b97646f\" data-element_type=\"column\">\n\t\t\t<div class=\"elementor-widget-wrap elementor-element-populated\">\n\t\t\t\t\t\t<div class=\"elementor-element elementor-element-66a73248 elementor-widget elementor-widget-bridge_testimonials_carousel\" data-id=\"66a73248\" data-element_type=\"widget\" data-widget_type=\"bridge_testimonials_carousel.default\">\n\t\t\t\t<div class=\"elementor-widget-container\">\n\t\t\t<div class='testimonials_c_holder clearfix '><div class=\"testimonials_c testimonials_c_carousel\" data-show-navigation=\"yes\" data-animation-speed=\"\" data-auto-rotate-slides=\"5\" data-number-per-slide=\"3\"><ul class=\"slides\"><li id=\"testimonials-c-10546\" class=\"testimonial_content\"><div class=\"testimonial_content_inner\"><div class=\"testimonial_text_holder\"><div class=\"testimonial_text_inner\" style=\"color: #E8EAE9;\"><p style=\"color:#E8EAE9\">\u201eVery precise but pragmatic approach, solution oriented, brings complex issues strictly to the point. Very high technical quality.\u201c<\/p><p class=\"testimonial_author\" style=\"color: #E8EAE9;\">The Legal 500<\/p><\/div><\/div><\/div><\/li><li id=\"testimonials-c-10545\" class=\"testimonial_content\"><div class=\"testimonial_content_inner\"><div class=\"testimonial_text_holder\"><div class=\"testimonial_text_inner\" style=\"color: #E8EAE9;\"><p style=\"color:#E8EAE9\">\u201eMaximilian Weiler an Alexander Operenyi are top class. Great quality and great communicators. Very efficient.\u201c<\/p><p class=\"testimonial_author\" style=\"color: #E8EAE9;\">The Legal 500<\/p><\/div><\/div><\/div><\/li><li id=\"testimonials-c-10544\" class=\"testimonial_content\"><div class=\"testimonial_content_inner\"><div class=\"testimonial_text_holder\"><div class=\"testimonial_text_inner\" style=\"color: #E8EAE9;\"><p style=\"color:#E8EAE9\">\u201eVery strong team with hands-on mentality and great work ethic.\u201c<\/p><p class=\"testimonial_author\" style=\"color: #E8EAE9;\">The Legal 500<\/p><\/div><\/div><\/div><\/li><li id=\"testimonials-c-10543\" class=\"testimonial_content\"><div class=\"testimonial_content_inner\"><div class=\"testimonial_text_holder\"><div class=\"testimonial_text_inner\" style=\"color: #E8EAE9;\"><p style=\"color:#E8EAE9\">\u201eAlexander Operenyi has a wealth of experience in significant corporate transactions and has a laser sharp focus on all relevant client needs.\u201c<\/p><p class=\"testimonial_author\" style=\"color: #E8EAE9;\">The Legal 500<\/p><\/div><\/div><\/div><\/li><\/ul><\/div><\/div>\t\t<\/div>\n\t\t\t\t<\/div>\n\t\t\t\t\t<\/div>\n\t\t<\/div>\n\t\t\t\t\t<\/div>\n\t\t<\/section>\n\t\t\t\t<section class=\"elementor-section elementor-top-section elementor-element elementor-element-f83ea9e elementor-section-full_width elementor-section-height-default elementor-section-height-default parallax_section_no qode_elementor_container_no\" data-id=\"f83ea9e\" data-element_type=\"section\">\n\t\t\t\t\t\t<div class=\"elementor-container elementor-column-gap-default\">\n\t\t\t\t\t<div class=\"elementor-column elementor-col-100 elementor-top-column elementor-element elementor-element-5d144f96\" data-id=\"5d144f96\" data-element_type=\"column\">\n\t\t\t<div class=\"elementor-widget-wrap elementor-element-populated\">\n\t\t\t\t\t\t<div class=\"elementor-element elementor-element-7a71d24f elementor-widget elementor-widget-heading\" data-id=\"7a71d24f\" data-element_type=\"widget\" data-widget_type=\"heading.default\">\n\t\t\t\t<div class=\"elementor-widget-container\">\n\t\t\t<h2 class=\"elementor-heading-title elementor-size-default\">Our Corporate|M&amp;A experts<\/h2>\t\t<\/div>\n\t\t\t\t<\/div>\n\t\t\t\t\t<\/div>\n\t\t<\/div>\n\t\t\t\t\t<\/div>\n\t\t<\/section>\n\t\t\t\t<section class=\"elementor-section elementor-top-section elementor-element elementor-element-a7c3b32 elementor-section-full_width elementor-section-height-default elementor-section-height-default parallax_section_no qode_elementor_container_no\" data-id=\"a7c3b32\" data-element_type=\"section\">\n\t\t\t\t\t\t<div class=\"elementor-container elementor-column-gap-default\">\n\t\t\t\t\t<div class=\"elementor-column elementor-col-100 elementor-top-column elementor-element elementor-element-83e8b9a\" data-id=\"83e8b9a\" data-element_type=\"column\">\n\t\t\t<div class=\"elementor-widget-wrap elementor-element-populated\">\n\t\t\t\t\t\t<div class=\"elementor-element elementor-element-c913d09 elementor-widget elementor-widget-bridge_portfolio_list\" data-id=\"c913d09\" data-element_type=\"widget\" data-widget_type=\"bridge_portfolio_list.default\">\n\t\t\t\t<div class=\"elementor-widget-container\">\n\t\t\t<div class='projects_holder_outer v3 portfolio_no_space portfolio_standard'>\n        <div class='projects_holder portfolio_main_holder clearfix v3  standard_no_space portfolio_full_image portfolio_one_by_one'>\n        \n        <article class='mix portfolio_category_240 portfolio_category_371 portfolio_category_246 portfolio_category_243 default' style=''>\n    \n    \n        <span class=\"qode-portfolio-new-badge\">\n        Partner    <\/span>\n\n    \n            <div class=\"item_holder slow_zoom\">\n\n                <div class=\"text_holder\">\n    <div class=\"text_holder_outer\">\n        <div class=\"text_holder_inner\">\n            \n        <\/div>\n    <\/div>\n<\/div>\n    <div class=\"icons_holder\">\n        \n        \n            <\/div>\n\n                                    <a itemprop=\"url\" class=\"portfolio_link_class\" title=\"Johannes Lutterotti\" href=\"https:\/\/jankweiler.at\/en\/johannes-lutterotti\/\"><\/a>\n                \n                <div style=\"\" class=\"portfolio_shader\"><\/div>\n                <div class=\"image_holder\">\n                    \n<span class='image'><img loading=\"lazy\" decoding=\"async\" width=\"2000\" height=\"1333\" src=\"https:\/\/jankweiler.at\/wp-content\/uploads\/2023\/09\/Deloitte-Legal-Portrait-Johannes-Lutterotti-close-up-fav.jpg\" class=\"attachment-full size-full wp-post-image\" alt=\"\" srcset=\"https:\/\/jankweiler.at\/wp-content\/uploads\/2023\/09\/Deloitte-Legal-Portrait-Johannes-Lutterotti-close-up-fav.jpg 2000w, https:\/\/jankweiler.at\/wp-content\/uploads\/2023\/09\/Deloitte-Legal-Portrait-Johannes-Lutterotti-close-up-fav-300x200.jpg 300w, https:\/\/jankweiler.at\/wp-content\/uploads\/2023\/09\/Deloitte-Legal-Portrait-Johannes-Lutterotti-close-up-fav-1024x682.jpg 1024w, https:\/\/jankweiler.at\/wp-content\/uploads\/2023\/09\/Deloitte-Legal-Portrait-Johannes-Lutterotti-close-up-fav-768x512.jpg 768w, https:\/\/jankweiler.at\/wp-content\/uploads\/2023\/09\/Deloitte-Legal-Portrait-Johannes-Lutterotti-close-up-fav-1536x1024.jpg 1536w, https:\/\/jankweiler.at\/wp-content\/uploads\/2023\/09\/Deloitte-Legal-Portrait-Johannes-Lutterotti-close-up-fav-700x467.jpg 700w\" sizes=\"(max-width: 2000px) 100vw, 2000px\" \/><\/span>                <\/div>\n            <\/div>\n\n                <div class='portfolio_description ' >\n\n        \n    <h3 itemprop=\"name\" class=\"portfolio_title entry_title\"><a itemprop=\"url\" href=\"https:\/\/jankweiler.at\/en\/johannes-lutterotti\/\"  target=\"_self\"> Johannes Lutterotti<\/a><\/h3>\n\n\n        \n        \n    <\/div>\n\n        \n<\/article>\n<article class='mix portfolio_category_240 portfolio_category_245 portfolio_category_243 default' style=''>\n    \n    \n        <span class=\"qode-portfolio-new-badge\">\n        Partner    <\/span>\n\n    \n            <div class=\"item_holder slow_zoom\">\n\n                <div class=\"text_holder\">\n    <div class=\"text_holder_outer\">\n        <div class=\"text_holder_inner\">\n            \n        <\/div>\n    <\/div>\n<\/div>\n    <div class=\"icons_holder\">\n        \n        \n            <\/div>\n\n                                    <a itemprop=\"url\" class=\"portfolio_link_class\" title=\"Alexander Operenyi\" href=\"https:\/\/jankweiler.at\/en\/alexander-operenyi\/\"><\/a>\n                \n                <div style=\"\" class=\"portfolio_shader\"><\/div>\n                <div class=\"image_holder\">\n                    \n<span class='image'><img loading=\"lazy\" decoding=\"async\" width=\"2000\" height=\"1333\" src=\"https:\/\/jankweiler.at\/wp-content\/uploads\/2023\/09\/Deloitte-Legal-Portrait-Alexander-Operenyi-close-up-fav.jpg\" class=\"attachment-full size-full wp-post-image\" alt=\"\" srcset=\"https:\/\/jankweiler.at\/wp-content\/uploads\/2023\/09\/Deloitte-Legal-Portrait-Alexander-Operenyi-close-up-fav.jpg 2000w, https:\/\/jankweiler.at\/wp-content\/uploads\/2023\/09\/Deloitte-Legal-Portrait-Alexander-Operenyi-close-up-fav-300x200.jpg 300w, https:\/\/jankweiler.at\/wp-content\/uploads\/2023\/09\/Deloitte-Legal-Portrait-Alexander-Operenyi-close-up-fav-1024x682.jpg 1024w, https:\/\/jankweiler.at\/wp-content\/uploads\/2023\/09\/Deloitte-Legal-Portrait-Alexander-Operenyi-close-up-fav-768x512.jpg 768w, https:\/\/jankweiler.at\/wp-content\/uploads\/2023\/09\/Deloitte-Legal-Portrait-Alexander-Operenyi-close-up-fav-1536x1024.jpg 1536w, https:\/\/jankweiler.at\/wp-content\/uploads\/2023\/09\/Deloitte-Legal-Portrait-Alexander-Operenyi-close-up-fav-700x467.jpg 700w\" sizes=\"(max-width: 2000px) 100vw, 2000px\" \/><\/span>                <\/div>\n            <\/div>\n\n                <div class='portfolio_description ' >\n\n        \n    <h3 itemprop=\"name\" class=\"portfolio_title entry_title\"><a itemprop=\"url\" href=\"https:\/\/jankweiler.at\/en\/alexander-operenyi\/\"  target=\"_self\"> Alexander Operenyi<\/a><\/h3>\n\n\n        \n        \n    <\/div>\n\n        \n<\/article>\n<article class='mix portfolio_category_240 portfolio_category_246 portfolio_category_243 default' style=''>\n    \n    \n        <span class=\"qode-portfolio-new-badge\">\n        Partner    <\/span>\n\n    \n            <div class=\"item_holder slow_zoom\">\n\n                <div class=\"text_holder\">\n    <div class=\"text_holder_outer\">\n        <div class=\"text_holder_inner\">\n            \n        <\/div>\n    <\/div>\n<\/div>\n    <div class=\"icons_holder\">\n        \n        \n            <\/div>\n\n                                    <a itemprop=\"url\" class=\"portfolio_link_class\" title=\"Maximilian Weiler\" href=\"https:\/\/jankweiler.at\/en\/maximilian-weiler\/\"><\/a>\n                \n                <div style=\"\" class=\"portfolio_shader\"><\/div>\n                <div class=\"image_holder\">\n                    \n<span class='image'><img loading=\"lazy\" decoding=\"async\" width=\"2000\" height=\"1333\" src=\"https:\/\/jankweiler.at\/wp-content\/uploads\/2023\/09\/Deloitte-Legal-Portrait-Maximilian-Weiler-close-up-fav5.jpg\" class=\"attachment-full size-full wp-post-image\" alt=\"\" srcset=\"https:\/\/jankweiler.at\/wp-content\/uploads\/2023\/09\/Deloitte-Legal-Portrait-Maximilian-Weiler-close-up-fav5.jpg 2000w, https:\/\/jankweiler.at\/wp-content\/uploads\/2023\/09\/Deloitte-Legal-Portrait-Maximilian-Weiler-close-up-fav5-300x200.jpg 300w, https:\/\/jankweiler.at\/wp-content\/uploads\/2023\/09\/Deloitte-Legal-Portrait-Maximilian-Weiler-close-up-fav5-1024x682.jpg 1024w, https:\/\/jankweiler.at\/wp-content\/uploads\/2023\/09\/Deloitte-Legal-Portrait-Maximilian-Weiler-close-up-fav5-768x512.jpg 768w, https:\/\/jankweiler.at\/wp-content\/uploads\/2023\/09\/Deloitte-Legal-Portrait-Maximilian-Weiler-close-up-fav5-1536x1024.jpg 1536w, https:\/\/jankweiler.at\/wp-content\/uploads\/2023\/09\/Deloitte-Legal-Portrait-Maximilian-Weiler-close-up-fav5-700x467.jpg 700w\" sizes=\"(max-width: 2000px) 100vw, 2000px\" \/><\/span>                <\/div>\n            <\/div>\n\n                <div class='portfolio_description ' >\n\n        \n    <h3 itemprop=\"name\" class=\"portfolio_title entry_title\"><a itemprop=\"url\" href=\"https:\/\/jankweiler.at\/en\/maximilian-weiler\/\"  target=\"_self\"> Maximilian Weiler<\/a><\/h3>\n\n\n        \n        \n    <\/div>\n\n        \n<\/article>\n        <div class='filler'><\/div>\n            <div class='filler'><\/div>\n            <div class='filler'><\/div>\n        <\/div>\n\n    \n    <\/div>\t\t<\/div>\n\t\t\t\t<\/div>\n\t\t\t\t<div class=\"elementor-element elementor-element-7fd1e872 elementor-widget elementor-widget-bridge_portfolio_list\" data-id=\"7fd1e872\" data-element_type=\"widget\" data-widget_type=\"bridge_portfolio_list.default\">\n\t\t\t\t<div class=\"elementor-widget-container\">\n\t\t\t<div class='projects_holder_outer v3 portfolio_no_space portfolio_standard'>\n        <div class='projects_holder portfolio_main_holder clearfix v3  standard_no_space portfolio_full_image portfolio_one_by_one'>\n        \n        <article class='mix portfolio_category_240 portfolio_category_246 default' style=''>\n    \n    \n        <span class=\"qode-portfolio-new-badge\">\n        Attorney at Law    <\/span>\n\n    \n            <div class=\"item_holder slow_zoom\">\n\n                <div class=\"text_holder\">\n    <div class=\"text_holder_outer\">\n        <div class=\"text_holder_inner\">\n            \n        <\/div>\n    <\/div>\n<\/div>\n    <div class=\"icons_holder\">\n        \n        \n            <\/div>\n\n                                    <a itemprop=\"url\" class=\"portfolio_link_class\" title=\"Sigrun Adrian-Waltner\" href=\"https:\/\/jankweiler.at\/en\/sigrun-adrian-waltner\/\"><\/a>\n                \n                <div style=\"\" class=\"portfolio_shader\"><\/div>\n                <div class=\"image_holder\">\n                    \n<span class='image'><img loading=\"lazy\" decoding=\"async\" width=\"2000\" height=\"1333\" src=\"https:\/\/jankweiler.at\/wp-content\/uploads\/2024\/05\/Sigrun_Portrait-Deloitte-legal_20240508-DSC_3681_crop.jpg\" class=\"attachment-full size-full wp-post-image\" alt=\"\" srcset=\"https:\/\/jankweiler.at\/wp-content\/uploads\/2024\/05\/Sigrun_Portrait-Deloitte-legal_20240508-DSC_3681_crop.jpg 2000w, https:\/\/jankweiler.at\/wp-content\/uploads\/2024\/05\/Sigrun_Portrait-Deloitte-legal_20240508-DSC_3681_crop-300x200.jpg 300w, https:\/\/jankweiler.at\/wp-content\/uploads\/2024\/05\/Sigrun_Portrait-Deloitte-legal_20240508-DSC_3681_crop-1024x682.jpg 1024w, https:\/\/jankweiler.at\/wp-content\/uploads\/2024\/05\/Sigrun_Portrait-Deloitte-legal_20240508-DSC_3681_crop-768x512.jpg 768w, https:\/\/jankweiler.at\/wp-content\/uploads\/2024\/05\/Sigrun_Portrait-Deloitte-legal_20240508-DSC_3681_crop-1536x1024.jpg 1536w, https:\/\/jankweiler.at\/wp-content\/uploads\/2024\/05\/Sigrun_Portrait-Deloitte-legal_20240508-DSC_3681_crop-700x467.jpg 700w\" sizes=\"(max-width: 2000px) 100vw, 2000px\" \/><\/span>                <\/div>\n            <\/div>\n\n                <div class='portfolio_description ' >\n\n        \n    <h3 itemprop=\"name\" class=\"portfolio_title entry_title\"><a itemprop=\"url\" href=\"https:\/\/jankweiler.at\/en\/sigrun-adrian-waltner\/\"  target=\"_blank\"> Sigrun Adrian-Waltner<\/a><\/h3>\n\n\n        \n        \n    <\/div>\n\n        \n<\/article>\n<article class='mix portfolio_category_240 default' style=''>\n    \n    \n        <span class=\"qode-portfolio-new-badge\">\n        Paralegal    <\/span>\n\n    \n            <div class=\"item_holder slow_zoom\">\n\n                <div class=\"text_holder\">\n    <div class=\"text_holder_outer\">\n        <div class=\"text_holder_inner\">\n            \n        <\/div>\n    <\/div>\n<\/div>\n    <div class=\"icons_holder\">\n        \n        \n            <\/div>\n\n                                    <a itemprop=\"url\" class=\"portfolio_link_class\" title=\"Salam Al Hayek\" href=\"#\"><\/a>\n                \n                <div style=\"\" class=\"portfolio_shader\"><\/div>\n                <div class=\"image_holder\">\n                    \n<span class='image'><img loading=\"lazy\" decoding=\"async\" width=\"2500\" height=\"1667\" src=\"https:\/\/jankweiler.at\/wp-content\/uploads\/2025\/08\/Salam_Portrait-Deloitte-legal_20250818-1C5A9767_crop.jpg\" class=\"attachment-full size-full wp-post-image\" alt=\"\" srcset=\"https:\/\/jankweiler.at\/wp-content\/uploads\/2025\/08\/Salam_Portrait-Deloitte-legal_20250818-1C5A9767_crop.jpg 2500w, https:\/\/jankweiler.at\/wp-content\/uploads\/2025\/08\/Salam_Portrait-Deloitte-legal_20250818-1C5A9767_crop-300x200.jpg 300w, https:\/\/jankweiler.at\/wp-content\/uploads\/2025\/08\/Salam_Portrait-Deloitte-legal_20250818-1C5A9767_crop-1024x683.jpg 1024w, https:\/\/jankweiler.at\/wp-content\/uploads\/2025\/08\/Salam_Portrait-Deloitte-legal_20250818-1C5A9767_crop-768x512.jpg 768w, https:\/\/jankweiler.at\/wp-content\/uploads\/2025\/08\/Salam_Portrait-Deloitte-legal_20250818-1C5A9767_crop-1536x1024.jpg 1536w, https:\/\/jankweiler.at\/wp-content\/uploads\/2025\/08\/Salam_Portrait-Deloitte-legal_20250818-1C5A9767_crop-2048x1366.jpg 2048w, https:\/\/jankweiler.at\/wp-content\/uploads\/2025\/08\/Salam_Portrait-Deloitte-legal_20250818-1C5A9767_crop-700x467.jpg 700w\" sizes=\"(max-width: 2500px) 100vw, 2500px\" \/><\/span>                <\/div>\n            <\/div>\n\n                <div class='portfolio_description ' >\n\n        \n    <h3 itemprop=\"name\" class=\"portfolio_title entry_title\"><a itemprop=\"url\" href=\"#\"  target=\"_blank\"> Salam Al Hayek<\/a><\/h3>\n\n\n        \n        \n    <\/div>\n\n        \n<\/article>\n<article class='mix portfolio_category_239 portfolio_category_240 portfolio_category_244 default' style=''>\n    \n    \n        <span class=\"qode-portfolio-new-badge\">\n        Counsel    <\/span>\n\n    \n            <div class=\"item_holder slow_zoom\">\n\n                <div class=\"text_holder\">\n    <div class=\"text_holder_outer\">\n        <div class=\"text_holder_inner\">\n            \n        <\/div>\n    <\/div>\n<\/div>\n    <div class=\"icons_holder\">\n        \n        \n            <\/div>\n\n                                    <a itemprop=\"url\" class=\"portfolio_link_class\" title=\"Andreas Bonelli\" href=\"https:\/\/jankweiler.at\/en\/andreas-bonelli\/\"><\/a>\n                \n                <div style=\"\" class=\"portfolio_shader\"><\/div>\n                <div class=\"image_holder\">\n                    \n<span class='image'><img loading=\"lazy\" decoding=\"async\" width=\"2000\" height=\"1333\" src=\"https:\/\/jankweiler.at\/wp-content\/uploads\/2023\/08\/Deloitte-Legal-Portrait-Andreas-Bonelli-close-up2.jpg\" class=\"attachment-full size-full wp-post-image\" alt=\"\" srcset=\"https:\/\/jankweiler.at\/wp-content\/uploads\/2023\/08\/Deloitte-Legal-Portrait-Andreas-Bonelli-close-up2.jpg 2000w, https:\/\/jankweiler.at\/wp-content\/uploads\/2023\/08\/Deloitte-Legal-Portrait-Andreas-Bonelli-close-up2-300x200.jpg 300w, https:\/\/jankweiler.at\/wp-content\/uploads\/2023\/08\/Deloitte-Legal-Portrait-Andreas-Bonelli-close-up2-1024x682.jpg 1024w, https:\/\/jankweiler.at\/wp-content\/uploads\/2023\/08\/Deloitte-Legal-Portrait-Andreas-Bonelli-close-up2-768x512.jpg 768w, https:\/\/jankweiler.at\/wp-content\/uploads\/2023\/08\/Deloitte-Legal-Portrait-Andreas-Bonelli-close-up2-1536x1024.jpg 1536w, https:\/\/jankweiler.at\/wp-content\/uploads\/2023\/08\/Deloitte-Legal-Portrait-Andreas-Bonelli-close-up2-700x467.jpg 700w\" sizes=\"(max-width: 2000px) 100vw, 2000px\" \/><\/span>                <\/div>\n            <\/div>\n\n                <div class='portfolio_description ' >\n\n        \n    <h3 itemprop=\"name\" class=\"portfolio_title entry_title\"><a itemprop=\"url\" href=\"https:\/\/jankweiler.at\/en\/andreas-bonelli\/\"  target=\"_self\"> Andreas Bonelli<\/a><\/h3>\n\n\n        \n        \n    <\/div>\n\n        \n<\/article>\n<article class='mix portfolio_category_240 portfolio_category_246 default' style=''>\n    \n    \n        <span class=\"qode-portfolio-new-badge\">\n        Associate    <\/span>\n\n    \n            <div class=\"item_holder slow_zoom\">\n\n                <div class=\"text_holder\">\n    <div class=\"text_holder_outer\">\n        <div class=\"text_holder_inner\">\n            \n        <\/div>\n    <\/div>\n<\/div>\n    <div class=\"icons_holder\">\n        \n        \n            <\/div>\n\n                                    <a itemprop=\"url\" class=\"portfolio_link_class\" title=\"Julian Grosslercher\" href=\"https:\/\/jankweiler.at\/en\/julian-grosslercher\/\"><\/a>\n                \n                <div style=\"\" class=\"portfolio_shader\"><\/div>\n                <div class=\"image_holder\">\n                    \n<span class='image'><img loading=\"lazy\" decoding=\"async\" width=\"2000\" height=\"1333\" src=\"https:\/\/jankweiler.at\/wp-content\/uploads\/2023\/09\/Deloitte-Legal-Portrait-Julian-Grosslercher-close-up-fav2.jpg\" class=\"attachment-full size-full wp-post-image\" alt=\"\" srcset=\"https:\/\/jankweiler.at\/wp-content\/uploads\/2023\/09\/Deloitte-Legal-Portrait-Julian-Grosslercher-close-up-fav2.jpg 2000w, https:\/\/jankweiler.at\/wp-content\/uploads\/2023\/09\/Deloitte-Legal-Portrait-Julian-Grosslercher-close-up-fav2-300x200.jpg 300w, https:\/\/jankweiler.at\/wp-content\/uploads\/2023\/09\/Deloitte-Legal-Portrait-Julian-Grosslercher-close-up-fav2-1024x682.jpg 1024w, https:\/\/jankweiler.at\/wp-content\/uploads\/2023\/09\/Deloitte-Legal-Portrait-Julian-Grosslercher-close-up-fav2-768x512.jpg 768w, https:\/\/jankweiler.at\/wp-content\/uploads\/2023\/09\/Deloitte-Legal-Portrait-Julian-Grosslercher-close-up-fav2-1536x1024.jpg 1536w, https:\/\/jankweiler.at\/wp-content\/uploads\/2023\/09\/Deloitte-Legal-Portrait-Julian-Grosslercher-close-up-fav2-700x467.jpg 700w\" sizes=\"(max-width: 2000px) 100vw, 2000px\" \/><\/span>                <\/div>\n            <\/div>\n\n                <div class='portfolio_description ' >\n\n        \n    <h3 itemprop=\"name\" class=\"portfolio_title entry_title\"><a itemprop=\"url\" href=\"https:\/\/jankweiler.at\/en\/julian-grosslercher\/\"  target=\"_self\"> Julian Grosslercher<\/a><\/h3>\n\n\n        \n        \n    <\/div>\n\n        \n<\/article>\n<article class='mix portfolio_category_240 portfolio_category_246 default' style=''>\n    \n    \n        <span class=\"qode-portfolio-new-badge\">\n        Attorney at Law    <\/span>\n\n    \n            <div class=\"item_holder slow_zoom\">\n\n                <div class=\"text_holder\">\n    <div class=\"text_holder_outer\">\n        <div class=\"text_holder_inner\">\n            \n        <\/div>\n    <\/div>\n<\/div>\n    <div class=\"icons_holder\">\n        \n        \n            <\/div>\n\n                                    <a itemprop=\"url\" class=\"portfolio_link_class\" title=\"Yvonne Gutsohn\" href=\"https:\/\/jankweiler.at\/en\/yvonne-gutsohn\/\"><\/a>\n                \n                <div style=\"\" class=\"portfolio_shader\"><\/div>\n                <div class=\"image_holder\">\n                    \n<span class='image'><img loading=\"lazy\" decoding=\"async\" width=\"2000\" height=\"1333\" src=\"https:\/\/jankweiler.at\/wp-content\/uploads\/2023\/08\/Deloitte-Legal-Portrait-Yvone-Gutsohn-close-up1.jpg\" class=\"attachment-full size-full wp-post-image\" alt=\"\" srcset=\"https:\/\/jankweiler.at\/wp-content\/uploads\/2023\/08\/Deloitte-Legal-Portrait-Yvone-Gutsohn-close-up1.jpg 2000w, https:\/\/jankweiler.at\/wp-content\/uploads\/2023\/08\/Deloitte-Legal-Portrait-Yvone-Gutsohn-close-up1-300x200.jpg 300w, https:\/\/jankweiler.at\/wp-content\/uploads\/2023\/08\/Deloitte-Legal-Portrait-Yvone-Gutsohn-close-up1-1024x682.jpg 1024w, https:\/\/jankweiler.at\/wp-content\/uploads\/2023\/08\/Deloitte-Legal-Portrait-Yvone-Gutsohn-close-up1-768x512.jpg 768w, https:\/\/jankweiler.at\/wp-content\/uploads\/2023\/08\/Deloitte-Legal-Portrait-Yvone-Gutsohn-close-up1-1536x1024.jpg 1536w, https:\/\/jankweiler.at\/wp-content\/uploads\/2023\/08\/Deloitte-Legal-Portrait-Yvone-Gutsohn-close-up1-700x467.jpg 700w\" sizes=\"(max-width: 2000px) 100vw, 2000px\" \/><\/span>                <\/div>\n            <\/div>\n\n                <div class='portfolio_description ' >\n\n        \n    <h3 itemprop=\"name\" class=\"portfolio_title entry_title\"><a itemprop=\"url\" href=\"https:\/\/jankweiler.at\/en\/yvonne-gutsohn\/\"  target=\"_self\"> Yvonne Gutsohn<\/a><\/h3>\n\n\n        \n        \n    <\/div>\n\n        \n<\/article>\n<article class='mix portfolio_category_240 portfolio_category_246 default' style=''>\n    \n    \n        <span class=\"qode-portfolio-new-badge\">\n        Attorney at Law    <\/span>\n\n    \n            <div class=\"item_holder slow_zoom\">\n\n                <div class=\"text_holder\">\n    <div class=\"text_holder_outer\">\n        <div class=\"text_holder_inner\">\n            \n        <\/div>\n    <\/div>\n<\/div>\n    <div class=\"icons_holder\">\n        \n        \n            <\/div>\n\n                                    <a itemprop=\"url\" class=\"portfolio_link_class\" title=\"Gerald Hendler\" href=\"https:\/\/jankweiler.at\/en\/gerald-hendler\/\"><\/a>\n                \n                <div style=\"\" class=\"portfolio_shader\"><\/div>\n                <div class=\"image_holder\">\n                    \n<span class='image'><img loading=\"lazy\" decoding=\"async\" width=\"2000\" height=\"1333\" src=\"https:\/\/jankweiler.at\/wp-content\/uploads\/2023\/08\/Deloitte-Legal-Portrait-Gerald-Hendler-close-up4.jpg\" class=\"attachment-full size-full wp-post-image\" alt=\"\" srcset=\"https:\/\/jankweiler.at\/wp-content\/uploads\/2023\/08\/Deloitte-Legal-Portrait-Gerald-Hendler-close-up4.jpg 2000w, https:\/\/jankweiler.at\/wp-content\/uploads\/2023\/08\/Deloitte-Legal-Portrait-Gerald-Hendler-close-up4-300x200.jpg 300w, https:\/\/jankweiler.at\/wp-content\/uploads\/2023\/08\/Deloitte-Legal-Portrait-Gerald-Hendler-close-up4-1024x682.jpg 1024w, https:\/\/jankweiler.at\/wp-content\/uploads\/2023\/08\/Deloitte-Legal-Portrait-Gerald-Hendler-close-up4-768x512.jpg 768w, https:\/\/jankweiler.at\/wp-content\/uploads\/2023\/08\/Deloitte-Legal-Portrait-Gerald-Hendler-close-up4-1536x1024.jpg 1536w, https:\/\/jankweiler.at\/wp-content\/uploads\/2023\/08\/Deloitte-Legal-Portrait-Gerald-Hendler-close-up4-700x467.jpg 700w\" sizes=\"(max-width: 2000px) 100vw, 2000px\" \/><\/span>                <\/div>\n            <\/div>\n\n                <div class='portfolio_description ' >\n\n        \n    <h3 itemprop=\"name\" class=\"portfolio_title entry_title\"><a itemprop=\"url\" href=\"https:\/\/jankweiler.at\/en\/gerald-hendler\/\"  target=\"_self\"> Gerald Hendler<\/a><\/h3>\n\n\n        \n        \n    <\/div>\n\n        \n<\/article>\n<article class='mix portfolio_category_240 default' style=''>\n    \n    \n        <span class=\"qode-portfolio-new-badge\">\n        Associate    <\/span>\n\n    \n            <div class=\"item_holder slow_zoom\">\n\n                <div class=\"text_holder\">\n    <div class=\"text_holder_outer\">\n        <div class=\"text_holder_inner\">\n            \n        <\/div>\n    <\/div>\n<\/div>\n    <div class=\"icons_holder\">\n        \n        \n            <\/div>\n\n                                    <a itemprop=\"url\" class=\"portfolio_link_class\" title=\"Roman Idl\" href=\"https:\/\/jankweiler.at\/en\/roman-idl\/\"><\/a>\n                \n                <div style=\"\" class=\"portfolio_shader\"><\/div>\n                <div class=\"image_holder\">\n                    \n<span class='image'><img loading=\"lazy\" decoding=\"async\" width=\"2500\" height=\"1667\" src=\"https:\/\/jankweiler.at\/wp-content\/uploads\/2026\/02\/Roman_Portrait-Deloitte-legal_1C5A6831_crop.jpg\" class=\"attachment-full size-full wp-post-image\" alt=\"\" srcset=\"https:\/\/jankweiler.at\/wp-content\/uploads\/2026\/02\/Roman_Portrait-Deloitte-legal_1C5A6831_crop.jpg 2500w, https:\/\/jankweiler.at\/wp-content\/uploads\/2026\/02\/Roman_Portrait-Deloitte-legal_1C5A6831_crop-300x200.jpg 300w, https:\/\/jankweiler.at\/wp-content\/uploads\/2026\/02\/Roman_Portrait-Deloitte-legal_1C5A6831_crop-1024x683.jpg 1024w, https:\/\/jankweiler.at\/wp-content\/uploads\/2026\/02\/Roman_Portrait-Deloitte-legal_1C5A6831_crop-768x512.jpg 768w, https:\/\/jankweiler.at\/wp-content\/uploads\/2026\/02\/Roman_Portrait-Deloitte-legal_1C5A6831_crop-1536x1024.jpg 1536w, https:\/\/jankweiler.at\/wp-content\/uploads\/2026\/02\/Roman_Portrait-Deloitte-legal_1C5A6831_crop-2048x1366.jpg 2048w, https:\/\/jankweiler.at\/wp-content\/uploads\/2026\/02\/Roman_Portrait-Deloitte-legal_1C5A6831_crop-700x467.jpg 700w\" sizes=\"(max-width: 2500px) 100vw, 2500px\" \/><\/span>                <\/div>\n            <\/div>\n\n                <div class='portfolio_description ' >\n\n        \n    <h3 itemprop=\"name\" class=\"portfolio_title entry_title\"><a itemprop=\"url\" href=\"https:\/\/jankweiler.at\/en\/roman-idl\/\"  target=\"_blank\"> Roman Idl<\/a><\/h3>\n\n\n        \n        \n    <\/div>\n\n        \n<\/article>\n<article class='mix portfolio_category_239 portfolio_category_240 portfolio_category_244 default' style=''>\n    \n    \n        <span class=\"qode-portfolio-new-badge\">\n        Partner    <\/span>\n\n    \n            <div class=\"item_holder slow_zoom\">\n\n                <div class=\"text_holder\">\n    <div class=\"text_holder_outer\">\n        <div class=\"text_holder_inner\">\n            \n        <\/div>\n    <\/div>\n<\/div>\n    <div class=\"icons_holder\">\n        \n        \n            <\/div>\n\n                                    <a itemprop=\"url\" class=\"portfolio_link_class\" title=\"Andreas Jank\" href=\"https:\/\/jankweiler.at\/en\/andreas-jank\/\"><\/a>\n                \n                <div style=\"\" class=\"portfolio_shader\"><\/div>\n                <div class=\"image_holder\">\n                    \n<span class='image'><img loading=\"lazy\" decoding=\"async\" width=\"2000\" height=\"1333\" src=\"https:\/\/jankweiler.at\/wp-content\/uploads\/2023\/08\/Deloitte-Legal-Portrait-Andreas-Jank-close-up4.jpg\" class=\"attachment-full size-full wp-post-image\" alt=\"\" srcset=\"https:\/\/jankweiler.at\/wp-content\/uploads\/2023\/08\/Deloitte-Legal-Portrait-Andreas-Jank-close-up4.jpg 2000w, https:\/\/jankweiler.at\/wp-content\/uploads\/2023\/08\/Deloitte-Legal-Portrait-Andreas-Jank-close-up4-300x200.jpg 300w, https:\/\/jankweiler.at\/wp-content\/uploads\/2023\/08\/Deloitte-Legal-Portrait-Andreas-Jank-close-up4-1024x682.jpg 1024w, https:\/\/jankweiler.at\/wp-content\/uploads\/2023\/08\/Deloitte-Legal-Portrait-Andreas-Jank-close-up4-768x512.jpg 768w, https:\/\/jankweiler.at\/wp-content\/uploads\/2023\/08\/Deloitte-Legal-Portrait-Andreas-Jank-close-up4-1536x1024.jpg 1536w, https:\/\/jankweiler.at\/wp-content\/uploads\/2023\/08\/Deloitte-Legal-Portrait-Andreas-Jank-close-up4-700x467.jpg 700w\" sizes=\"(max-width: 2000px) 100vw, 2000px\" \/><\/span>                <\/div>\n            <\/div>\n\n                <div class='portfolio_description ' >\n\n        \n    <h3 itemprop=\"name\" class=\"portfolio_title entry_title\"><a itemprop=\"url\" href=\"https:\/\/jankweiler.at\/en\/andreas-jank\/\"  target=\"_self\"> Andreas Jank<\/a><\/h3>\n\n\n        \n        \n    <\/div>\n\n        \n<\/article>\n<article class='mix portfolio_category_239 portfolio_category_240 portfolio_category_244 default' style=''>\n    \n    \n        <span class=\"qode-portfolio-new-badge\">\n        Attorney at Law    <\/span>\n\n    \n            <div class=\"item_holder slow_zoom\">\n\n                <div class=\"text_holder\">\n    <div class=\"text_holder_outer\">\n        <div class=\"text_holder_inner\">\n            \n        <\/div>\n    <\/div>\n<\/div>\n    <div class=\"icons_holder\">\n        \n        \n            <\/div>\n\n                                    <a itemprop=\"url\" class=\"portfolio_link_class\" title=\"Sarah Koller-Salminger\" href=\"https:\/\/jankweiler.at\/en\/sarah-koller-salminger\/\"><\/a>\n                \n                <div style=\"\" class=\"portfolio_shader\"><\/div>\n                <div class=\"image_holder\">\n                    \n<span class='image'><img loading=\"lazy\" decoding=\"async\" width=\"2000\" height=\"1333\" src=\"https:\/\/jankweiler.at\/wp-content\/uploads\/2023\/08\/Deloitte-Legal-Portrait-Sarah-Koller-Salminger-close-up1fav.jpg\" class=\"attachment-full size-full wp-post-image\" alt=\"\" srcset=\"https:\/\/jankweiler.at\/wp-content\/uploads\/2023\/08\/Deloitte-Legal-Portrait-Sarah-Koller-Salminger-close-up1fav.jpg 2000w, https:\/\/jankweiler.at\/wp-content\/uploads\/2023\/08\/Deloitte-Legal-Portrait-Sarah-Koller-Salminger-close-up1fav-300x200.jpg 300w, https:\/\/jankweiler.at\/wp-content\/uploads\/2023\/08\/Deloitte-Legal-Portrait-Sarah-Koller-Salminger-close-up1fav-1024x682.jpg 1024w, https:\/\/jankweiler.at\/wp-content\/uploads\/2023\/08\/Deloitte-Legal-Portrait-Sarah-Koller-Salminger-close-up1fav-768x512.jpg 768w, https:\/\/jankweiler.at\/wp-content\/uploads\/2023\/08\/Deloitte-Legal-Portrait-Sarah-Koller-Salminger-close-up1fav-1536x1024.jpg 1536w, https:\/\/jankweiler.at\/wp-content\/uploads\/2023\/08\/Deloitte-Legal-Portrait-Sarah-Koller-Salminger-close-up1fav-700x467.jpg 700w\" sizes=\"(max-width: 2000px) 100vw, 2000px\" \/><\/span>                <\/div>\n            <\/div>\n\n                <div class='portfolio_description ' >\n\n        \n    <h3 itemprop=\"name\" class=\"portfolio_title entry_title\"><a itemprop=\"url\" href=\"https:\/\/jankweiler.at\/en\/sarah-koller-salminger\/\"  target=\"_self\"> Sarah Koller-Salminger<\/a><\/h3>\n\n\n        \n        \n    <\/div>\n\n        \n<\/article>\n<article class='mix portfolio_category_240 portfolio_category_371 portfolio_category_246 portfolio_category_243 default' style=''>\n    \n    \n        <span class=\"qode-portfolio-new-badge\">\n        Partner    <\/span>\n\n    \n            <div class=\"item_holder slow_zoom\">\n\n                <div class=\"text_holder\">\n    <div class=\"text_holder_outer\">\n        <div class=\"text_holder_inner\">\n            \n        <\/div>\n    <\/div>\n<\/div>\n    <div class=\"icons_holder\">\n        \n        \n            <\/div>\n\n                                    <a itemprop=\"url\" class=\"portfolio_link_class\" title=\"Johannes Lutterotti\" href=\"https:\/\/jankweiler.at\/en\/johannes-lutterotti\/\"><\/a>\n                \n                <div style=\"\" class=\"portfolio_shader\"><\/div>\n                <div class=\"image_holder\">\n                    \n<span class='image'><img loading=\"lazy\" decoding=\"async\" width=\"2000\" height=\"1333\" src=\"https:\/\/jankweiler.at\/wp-content\/uploads\/2023\/09\/Deloitte-Legal-Portrait-Johannes-Lutterotti-close-up-fav.jpg\" class=\"attachment-full size-full wp-post-image\" alt=\"\" srcset=\"https:\/\/jankweiler.at\/wp-content\/uploads\/2023\/09\/Deloitte-Legal-Portrait-Johannes-Lutterotti-close-up-fav.jpg 2000w, https:\/\/jankweiler.at\/wp-content\/uploads\/2023\/09\/Deloitte-Legal-Portrait-Johannes-Lutterotti-close-up-fav-300x200.jpg 300w, https:\/\/jankweiler.at\/wp-content\/uploads\/2023\/09\/Deloitte-Legal-Portrait-Johannes-Lutterotti-close-up-fav-1024x682.jpg 1024w, https:\/\/jankweiler.at\/wp-content\/uploads\/2023\/09\/Deloitte-Legal-Portrait-Johannes-Lutterotti-close-up-fav-768x512.jpg 768w, https:\/\/jankweiler.at\/wp-content\/uploads\/2023\/09\/Deloitte-Legal-Portrait-Johannes-Lutterotti-close-up-fav-1536x1024.jpg 1536w, https:\/\/jankweiler.at\/wp-content\/uploads\/2023\/09\/Deloitte-Legal-Portrait-Johannes-Lutterotti-close-up-fav-700x467.jpg 700w\" sizes=\"(max-width: 2000px) 100vw, 2000px\" \/><\/span>                <\/div>\n            <\/div>\n\n                <div class='portfolio_description ' >\n\n        \n    <h3 itemprop=\"name\" class=\"portfolio_title entry_title\"><a itemprop=\"url\" href=\"https:\/\/jankweiler.at\/en\/johannes-lutterotti\/\"  target=\"_self\"> Johannes Lutterotti<\/a><\/h3>\n\n\n        \n        \n    <\/div>\n\n        \n<\/article>\n<article class='mix portfolio_category_240 portfolio_category_245 portfolio_category_243 default' style=''>\n    \n    \n        <span class=\"qode-portfolio-new-badge\">\n        Partner    <\/span>\n\n    \n            <div class=\"item_holder slow_zoom\">\n\n                <div class=\"text_holder\">\n    <div class=\"text_holder_outer\">\n        <div class=\"text_holder_inner\">\n            \n        <\/div>\n    <\/div>\n<\/div>\n    <div class=\"icons_holder\">\n        \n        \n            <\/div>\n\n                                    <a itemprop=\"url\" class=\"portfolio_link_class\" title=\"Alexander Operenyi\" href=\"https:\/\/jankweiler.at\/en\/alexander-operenyi\/\"><\/a>\n                \n                <div style=\"\" class=\"portfolio_shader\"><\/div>\n                <div class=\"image_holder\">\n                    \n<span class='image'><img loading=\"lazy\" decoding=\"async\" width=\"2000\" height=\"1333\" src=\"https:\/\/jankweiler.at\/wp-content\/uploads\/2023\/09\/Deloitte-Legal-Portrait-Alexander-Operenyi-close-up-fav.jpg\" class=\"attachment-full size-full wp-post-image\" alt=\"\" srcset=\"https:\/\/jankweiler.at\/wp-content\/uploads\/2023\/09\/Deloitte-Legal-Portrait-Alexander-Operenyi-close-up-fav.jpg 2000w, https:\/\/jankweiler.at\/wp-content\/uploads\/2023\/09\/Deloitte-Legal-Portrait-Alexander-Operenyi-close-up-fav-300x200.jpg 300w, https:\/\/jankweiler.at\/wp-content\/uploads\/2023\/09\/Deloitte-Legal-Portrait-Alexander-Operenyi-close-up-fav-1024x682.jpg 1024w, https:\/\/jankweiler.at\/wp-content\/uploads\/2023\/09\/Deloitte-Legal-Portrait-Alexander-Operenyi-close-up-fav-768x512.jpg 768w, https:\/\/jankweiler.at\/wp-content\/uploads\/2023\/09\/Deloitte-Legal-Portrait-Alexander-Operenyi-close-up-fav-1536x1024.jpg 1536w, https:\/\/jankweiler.at\/wp-content\/uploads\/2023\/09\/Deloitte-Legal-Portrait-Alexander-Operenyi-close-up-fav-700x467.jpg 700w\" sizes=\"(max-width: 2000px) 100vw, 2000px\" \/><\/span>                <\/div>\n            <\/div>\n\n                <div class='portfolio_description ' >\n\n        \n    <h3 itemprop=\"name\" class=\"portfolio_title entry_title\"><a itemprop=\"url\" href=\"https:\/\/jankweiler.at\/en\/alexander-operenyi\/\"  target=\"_self\"> Alexander Operenyi<\/a><\/h3>\n\n\n        \n        \n    <\/div>\n\n        \n<\/article>\n<article class='mix portfolio_category_240 portfolio_category_246 default' style=''>\n    \n    \n        <span class=\"qode-portfolio-new-badge\">\n        Attorney at Law     <\/span>\n\n    \n            <div class=\"item_holder slow_zoom\">\n\n                <div class=\"text_holder\">\n    <div class=\"text_holder_outer\">\n        <div class=\"text_holder_inner\">\n            \n        <\/div>\n    <\/div>\n<\/div>\n    <div class=\"icons_holder\">\n        \n        \n            <\/div>\n\n                                    <a itemprop=\"url\" class=\"portfolio_link_class\" title=\"Ella Peric\" href=\"https:\/\/jankweiler.at\/en\/ella-peric\/\"><\/a>\n                \n                <div style=\"\" class=\"portfolio_shader\"><\/div>\n                <div class=\"image_holder\">\n                    \n<span class='image'><img loading=\"lazy\" decoding=\"async\" width=\"2500\" height=\"1667\" src=\"https:\/\/jankweiler.at\/wp-content\/uploads\/2023\/01\/Deloitte-Legal-Portrait-Ella-Peric-close-up.jpg\" class=\"attachment-full size-full wp-post-image\" alt=\"\" srcset=\"https:\/\/jankweiler.at\/wp-content\/uploads\/2023\/01\/Deloitte-Legal-Portrait-Ella-Peric-close-up.jpg 2500w, https:\/\/jankweiler.at\/wp-content\/uploads\/2023\/01\/Deloitte-Legal-Portrait-Ella-Peric-close-up-300x200.jpg 300w, https:\/\/jankweiler.at\/wp-content\/uploads\/2023\/01\/Deloitte-Legal-Portrait-Ella-Peric-close-up-1024x683.jpg 1024w, https:\/\/jankweiler.at\/wp-content\/uploads\/2023\/01\/Deloitte-Legal-Portrait-Ella-Peric-close-up-768x512.jpg 768w, https:\/\/jankweiler.at\/wp-content\/uploads\/2023\/01\/Deloitte-Legal-Portrait-Ella-Peric-close-up-1536x1024.jpg 1536w, https:\/\/jankweiler.at\/wp-content\/uploads\/2023\/01\/Deloitte-Legal-Portrait-Ella-Peric-close-up-2048x1366.jpg 2048w, https:\/\/jankweiler.at\/wp-content\/uploads\/2023\/01\/Deloitte-Legal-Portrait-Ella-Peric-close-up-700x467.jpg 700w\" sizes=\"(max-width: 2500px) 100vw, 2500px\" \/><\/span>                <\/div>\n            <\/div>\n\n                <div class='portfolio_description ' >\n\n        \n    <h3 itemprop=\"name\" class=\"portfolio_title entry_title\"><a itemprop=\"url\" href=\"https:\/\/jankweiler.at\/en\/ella-peric\/\"  target=\"_self\"> Ella Peric<\/a><\/h3>\n\n\n        \n        \n    <\/div>\n\n        \n<\/article>\n<article class='mix portfolio_category_240 default' style=''>\n    \n    \n        <span class=\"qode-portfolio-new-badge\">\n        Paralegal    <\/span>\n\n    \n            <div class=\"item_holder slow_zoom\">\n\n                <div class=\"text_holder\">\n    <div class=\"text_holder_outer\">\n        <div class=\"text_holder_inner\">\n            \n        <\/div>\n    <\/div>\n<\/div>\n    <div class=\"icons_holder\">\n        \n        \n            <\/div>\n\n                                    <a itemprop=\"url\" class=\"portfolio_link_class\" title=\"Antonia Puntigam\" href=\"https:\/\/jankweiler.at\/en\/antonia-puntigam\/\"><\/a>\n                \n                <div style=\"\" class=\"portfolio_shader\"><\/div>\n                <div class=\"image_holder\">\n                    \n<span class='image'><img loading=\"lazy\" decoding=\"async\" width=\"2500\" height=\"1667\" src=\"https:\/\/jankweiler.at\/wp-content\/uploads\/2026\/02\/Antonia_Portrait-Deloitte-legal_1C5A6901_crop.jpg\" class=\"attachment-full size-full wp-post-image\" alt=\"\" srcset=\"https:\/\/jankweiler.at\/wp-content\/uploads\/2026\/02\/Antonia_Portrait-Deloitte-legal_1C5A6901_crop.jpg 2500w, https:\/\/jankweiler.at\/wp-content\/uploads\/2026\/02\/Antonia_Portrait-Deloitte-legal_1C5A6901_crop-300x200.jpg 300w, https:\/\/jankweiler.at\/wp-content\/uploads\/2026\/02\/Antonia_Portrait-Deloitte-legal_1C5A6901_crop-1024x683.jpg 1024w, https:\/\/jankweiler.at\/wp-content\/uploads\/2026\/02\/Antonia_Portrait-Deloitte-legal_1C5A6901_crop-768x512.jpg 768w, https:\/\/jankweiler.at\/wp-content\/uploads\/2026\/02\/Antonia_Portrait-Deloitte-legal_1C5A6901_crop-1536x1024.jpg 1536w, https:\/\/jankweiler.at\/wp-content\/uploads\/2026\/02\/Antonia_Portrait-Deloitte-legal_1C5A6901_crop-2048x1366.jpg 2048w, https:\/\/jankweiler.at\/wp-content\/uploads\/2026\/02\/Antonia_Portrait-Deloitte-legal_1C5A6901_crop-700x467.jpg 700w\" sizes=\"(max-width: 2500px) 100vw, 2500px\" \/><\/span>                <\/div>\n            <\/div>\n\n                <div class='portfolio_description ' >\n\n        \n    <h3 itemprop=\"name\" class=\"portfolio_title entry_title\"><a itemprop=\"url\" href=\"https:\/\/jankweiler.at\/en\/antonia-puntigam\/\"  target=\"_blank\"> Antonia Puntigam<\/a><\/h3>\n\n\n        \n        \n    <\/div>\n\n        \n<\/article>\n<article class='mix portfolio_category_240 portfolio_category_246 default' style=''>\n    \n    \n        <span class=\"qode-portfolio-new-badge\">\n        Associate    <\/span>\n\n    \n            <div class=\"item_holder slow_zoom\">\n\n                <div class=\"text_holder\">\n    <div class=\"text_holder_outer\">\n        <div class=\"text_holder_inner\">\n            \n        <\/div>\n    <\/div>\n<\/div>\n    <div class=\"icons_holder\">\n        \n        \n            <\/div>\n\n                                    <a itemprop=\"url\" class=\"portfolio_link_class\" title=\"Paul Schliesselberger\" href=\"https:\/\/jankweiler.at\/en\/paul-schliesselberger\/\"><\/a>\n                \n                <div style=\"\" class=\"portfolio_shader\"><\/div>\n                <div class=\"image_holder\">\n                    \n<span class='image'><img loading=\"lazy\" decoding=\"async\" width=\"2500\" height=\"1667\" src=\"https:\/\/jankweiler.at\/wp-content\/uploads\/2024\/10\/Paul_Portrait-Deloitte-legal_20241010-1C5A0447_crop.jpg\" class=\"attachment-full size-full wp-post-image\" alt=\"\" srcset=\"https:\/\/jankweiler.at\/wp-content\/uploads\/2024\/10\/Paul_Portrait-Deloitte-legal_20241010-1C5A0447_crop.jpg 2500w, https:\/\/jankweiler.at\/wp-content\/uploads\/2024\/10\/Paul_Portrait-Deloitte-legal_20241010-1C5A0447_crop-300x200.jpg 300w, https:\/\/jankweiler.at\/wp-content\/uploads\/2024\/10\/Paul_Portrait-Deloitte-legal_20241010-1C5A0447_crop-1024x683.jpg 1024w, https:\/\/jankweiler.at\/wp-content\/uploads\/2024\/10\/Paul_Portrait-Deloitte-legal_20241010-1C5A0447_crop-768x512.jpg 768w, https:\/\/jankweiler.at\/wp-content\/uploads\/2024\/10\/Paul_Portrait-Deloitte-legal_20241010-1C5A0447_crop-1536x1024.jpg 1536w, https:\/\/jankweiler.at\/wp-content\/uploads\/2024\/10\/Paul_Portrait-Deloitte-legal_20241010-1C5A0447_crop-2048x1366.jpg 2048w, https:\/\/jankweiler.at\/wp-content\/uploads\/2024\/10\/Paul_Portrait-Deloitte-legal_20241010-1C5A0447_crop-700x467.jpg 700w\" sizes=\"(max-width: 2500px) 100vw, 2500px\" \/><\/span>                <\/div>\n            <\/div>\n\n                <div class='portfolio_description ' >\n\n        \n    <h3 itemprop=\"name\" class=\"portfolio_title entry_title\"><a itemprop=\"url\" href=\"https:\/\/jankweiler.at\/en\/paul-schliesselberger\/\"  target=\"_blank\"> Paul Schliesselberger<\/a><\/h3>\n\n\n        \n        \n    <\/div>\n\n        \n<\/article>\n<article class='mix portfolio_category_240 default' style=''>\n    \n    \n        <span class=\"qode-portfolio-new-badge\">\n        Associate    <\/span>\n\n    \n            <div class=\"item_holder slow_zoom\">\n\n                <div class=\"text_holder\">\n    <div class=\"text_holder_outer\">\n        <div class=\"text_holder_inner\">\n            \n        <\/div>\n    <\/div>\n<\/div>\n    <div class=\"icons_holder\">\n        \n        \n            <\/div>\n\n                                    <a itemprop=\"url\" class=\"portfolio_link_class\" title=\"Dominik Schwenter\" href=\"https:\/\/jankweiler.at\/en\/dominik-schwenter\/\"><\/a>\n                \n                <div style=\"\" class=\"portfolio_shader\"><\/div>\n                <div class=\"image_holder\">\n                    \n<span class='image'><img loading=\"lazy\" decoding=\"async\" width=\"2000\" height=\"1333\" src=\"https:\/\/jankweiler.at\/wp-content\/uploads\/2024\/02\/Dominik_Portrait-Deloitte-legal_20240124-DSC_3362_crop.jpg\" class=\"attachment-full size-full wp-post-image\" alt=\"\" srcset=\"https:\/\/jankweiler.at\/wp-content\/uploads\/2024\/02\/Dominik_Portrait-Deloitte-legal_20240124-DSC_3362_crop.jpg 2000w, https:\/\/jankweiler.at\/wp-content\/uploads\/2024\/02\/Dominik_Portrait-Deloitte-legal_20240124-DSC_3362_crop-300x200.jpg 300w, https:\/\/jankweiler.at\/wp-content\/uploads\/2024\/02\/Dominik_Portrait-Deloitte-legal_20240124-DSC_3362_crop-1024x682.jpg 1024w, https:\/\/jankweiler.at\/wp-content\/uploads\/2024\/02\/Dominik_Portrait-Deloitte-legal_20240124-DSC_3362_crop-768x512.jpg 768w, https:\/\/jankweiler.at\/wp-content\/uploads\/2024\/02\/Dominik_Portrait-Deloitte-legal_20240124-DSC_3362_crop-1536x1024.jpg 1536w, https:\/\/jankweiler.at\/wp-content\/uploads\/2024\/02\/Dominik_Portrait-Deloitte-legal_20240124-DSC_3362_crop-700x467.jpg 700w\" sizes=\"(max-width: 2000px) 100vw, 2000px\" \/><\/span>                <\/div>\n            <\/div>\n\n                <div class='portfolio_description ' >\n\n        \n    <h3 itemprop=\"name\" class=\"portfolio_title entry_title\"><a itemprop=\"url\" href=\"https:\/\/jankweiler.at\/en\/dominik-schwenter\/\"  target=\"_blank\"> Dominik Schwenter<\/a><\/h3>\n\n\n        \n        \n    <\/div>\n\n        \n<\/article>\n<article class='mix portfolio_category_240 portfolio_category_246 portfolio_category_243 default' style=''>\n    \n    \n        <span class=\"qode-portfolio-new-badge\">\n        Partner    <\/span>\n\n    \n            <div class=\"item_holder slow_zoom\">\n\n                <div class=\"text_holder\">\n    <div class=\"text_holder_outer\">\n        <div class=\"text_holder_inner\">\n            \n        <\/div>\n    <\/div>\n<\/div>\n    <div class=\"icons_holder\">\n        \n        \n            <\/div>\n\n                                    <a itemprop=\"url\" class=\"portfolio_link_class\" title=\"Maximilian Weiler\" href=\"https:\/\/jankweiler.at\/en\/maximilian-weiler\/\"><\/a>\n                \n                <div style=\"\" class=\"portfolio_shader\"><\/div>\n                <div class=\"image_holder\">\n                    \n<span class='image'><img loading=\"lazy\" decoding=\"async\" width=\"2000\" height=\"1333\" src=\"https:\/\/jankweiler.at\/wp-content\/uploads\/2023\/09\/Deloitte-Legal-Portrait-Maximilian-Weiler-close-up-fav5.jpg\" class=\"attachment-full size-full wp-post-image\" alt=\"\" srcset=\"https:\/\/jankweiler.at\/wp-content\/uploads\/2023\/09\/Deloitte-Legal-Portrait-Maximilian-Weiler-close-up-fav5.jpg 2000w, https:\/\/jankweiler.at\/wp-content\/uploads\/2023\/09\/Deloitte-Legal-Portrait-Maximilian-Weiler-close-up-fav5-300x200.jpg 300w, https:\/\/jankweiler.at\/wp-content\/uploads\/2023\/09\/Deloitte-Legal-Portrait-Maximilian-Weiler-close-up-fav5-1024x682.jpg 1024w, https:\/\/jankweiler.at\/wp-content\/uploads\/2023\/09\/Deloitte-Legal-Portrait-Maximilian-Weiler-close-up-fav5-768x512.jpg 768w, https:\/\/jankweiler.at\/wp-content\/uploads\/2023\/09\/Deloitte-Legal-Portrait-Maximilian-Weiler-close-up-fav5-1536x1024.jpg 1536w, https:\/\/jankweiler.at\/wp-content\/uploads\/2023\/09\/Deloitte-Legal-Portrait-Maximilian-Weiler-close-up-fav5-700x467.jpg 700w\" sizes=\"(max-width: 2000px) 100vw, 2000px\" \/><\/span>                <\/div>\n            <\/div>\n\n                <div class='portfolio_description ' >\n\n        \n    <h3 itemprop=\"name\" class=\"portfolio_title entry_title\"><a itemprop=\"url\" href=\"https:\/\/jankweiler.at\/en\/maximilian-weiler\/\"  target=\"_self\"> Maximilian Weiler<\/a><\/h3>\n\n\n        \n        \n    <\/div>\n\n        \n<\/article>\n<article class='mix portfolio_category_240 portfolio_category_246 default' style=''>\n    \n    \n        <span class=\"qode-portfolio-new-badge\">\n        Attorney at Law    <\/span>\n\n    \n            <div class=\"item_holder slow_zoom\">\n\n                <div class=\"text_holder\">\n    <div class=\"text_holder_outer\">\n        <div class=\"text_holder_inner\">\n            \n        <\/div>\n    <\/div>\n<\/div>\n    <div class=\"icons_holder\">\n        \n        \n            <\/div>\n\n                                    <a itemprop=\"url\" class=\"portfolio_link_class\" title=\"Lena Winkler\" href=\"https:\/\/jankweiler.at\/en\/lena-winkler\/\"><\/a>\n                \n                <div style=\"\" class=\"portfolio_shader\"><\/div>\n                <div class=\"image_holder\">\n                    \n<span class='image'><img loading=\"lazy\" decoding=\"async\" width=\"2500\" height=\"1667\" src=\"https:\/\/jankweiler.at\/wp-content\/uploads\/2025\/05\/Lena_Portrait-Deloitte-legal_20250409-1C5A4739_crop.jpg\" class=\"attachment-full size-full wp-post-image\" alt=\"\" srcset=\"https:\/\/jankweiler.at\/wp-content\/uploads\/2025\/05\/Lena_Portrait-Deloitte-legal_20250409-1C5A4739_crop.jpg 2500w, https:\/\/jankweiler.at\/wp-content\/uploads\/2025\/05\/Lena_Portrait-Deloitte-legal_20250409-1C5A4739_crop-300x200.jpg 300w, https:\/\/jankweiler.at\/wp-content\/uploads\/2025\/05\/Lena_Portrait-Deloitte-legal_20250409-1C5A4739_crop-1024x683.jpg 1024w, https:\/\/jankweiler.at\/wp-content\/uploads\/2025\/05\/Lena_Portrait-Deloitte-legal_20250409-1C5A4739_crop-768x512.jpg 768w, https:\/\/jankweiler.at\/wp-content\/uploads\/2025\/05\/Lena_Portrait-Deloitte-legal_20250409-1C5A4739_crop-1536x1024.jpg 1536w, https:\/\/jankweiler.at\/wp-content\/uploads\/2025\/05\/Lena_Portrait-Deloitte-legal_20250409-1C5A4739_crop-2048x1366.jpg 2048w, https:\/\/jankweiler.at\/wp-content\/uploads\/2025\/05\/Lena_Portrait-Deloitte-legal_20250409-1C5A4739_crop-700x467.jpg 700w\" sizes=\"(max-width: 2500px) 100vw, 2500px\" \/><\/span>                <\/div>\n            <\/div>\n\n                <div class='portfolio_description ' >\n\n        \n    <h3 itemprop=\"name\" class=\"portfolio_title entry_title\"><a itemprop=\"url\" href=\"https:\/\/jankweiler.at\/en\/lena-winkler\/\"  target=\"_blank\"> Lena Winkler<\/a><\/h3>\n\n\n        \n        \n    <\/div>\n\n        \n<\/article>\n        <div class='filler'><\/div>\n            <div class='filler'><\/div>\n            <div class='filler'><\/div>\n        <\/div>\n\n    \n    <\/div>\t\t<\/div>\n\t\t\t\t<\/div>\n\t\t\t\t\t<\/div>\n\t\t<\/div>\n\t\t\t\t\t<\/div>\n\t\t<\/section>\n\t\t\t\t<section class=\"elementor-section elementor-top-section elementor-element elementor-element-71763a10 elementor-section-full_width elementor-section-height-default elementor-section-height-default parallax_section_no qode_elementor_container_no\" data-id=\"71763a10\" data-element_type=\"section\" data-settings=\"{&quot;background_background&quot;:&quot;classic&quot;}\">\n\t\t\t\t\t\t<div class=\"elementor-container elementor-column-gap-wider\">\n\t\t\t\t\t<div class=\"elementor-column elementor-col-100 elementor-top-column elementor-element elementor-element-7a3fcb3\" data-id=\"7a3fcb3\" data-element_type=\"column\">\n\t\t\t<div class=\"elementor-widget-wrap elementor-element-populated\">\n\t\t\t\t\t\t<section class=\"elementor-section elementor-inner-section elementor-element elementor-element-6c565592 newscolumns elementor-section-full_width elementor-section-height-default elementor-section-height-default parallax_section_no qode_elementor_container_no\" data-id=\"6c565592\" data-element_type=\"section\">\n\t\t\t\t\t\t<div class=\"elementor-container elementor-column-gap-wider\">\n\t\t\t\t\t<div class=\"elementor-column elementor-col-66 elementor-inner-column elementor-element elementor-element-1f60e96\" data-id=\"1f60e96\" data-element_type=\"column\">\n\t\t\t<div class=\"elementor-widget-wrap elementor-element-populated\">\n\t\t\t\t\t\t<div class=\"elementor-element elementor-element-54be9ad0 elementor-widget elementor-widget-heading\" data-id=\"54be9ad0\" data-element_type=\"widget\" data-widget_type=\"heading.default\">\n\t\t\t\t<div class=\"elementor-widget-container\">\n\t\t\t<h2 class=\"elementor-heading-title elementor-size-default\">Corporate|M&amp;A News<\/h2>\t\t<\/div>\n\t\t\t\t<\/div>\n\t\t\t\t<div class=\"elementor-element elementor-element-298685ac elementor-widget elementor-widget-bridge_layout2\" data-id=\"298685ac\" data-element_type=\"widget\" data-widget_type=\"bridge_layout2.default\">\n\t\t\t\t<div class=\"elementor-widget-container\">\n\t\t\t<div class=\"qode-news-holder qode-layout2 qode-news-columns-3 qode-nl-normal-space\"  data-post-status=publish data-ignore-sticky-posts=1 data-orderby=date data-posts-per-page=3 data-sort=latest data-paged=1 data-max-num-pages=8 data-next-page=2 data-title-tag=h3 data-image-size=portfolio-landscape data-display-categories=yes data-display-excerpt=yes data-display-date=yes data-date-format=published data-display-author=no data-display-share=no data-display-hot-trending-icons=yes data-layout=qode_layout2><div class=\"qode-news-list-inner-holder\" data-number-of-items=\"3\"><div class=\"qode-news-item qode-layout2-item\">\n\t<div class=\"qode-news-item-inner\">\n\t\t<div class=\"qode-news-item-image-holder\">\n\t\t\t<div class=\"qode-news-item-image-holder-inner\">\n\t\t\t\t                <div class=\"qode-news-image-info-holder-left\">\n\t\t\t\t\t                <\/div>\n                <div class=\"qode-news-image-info-holder-right\">\n\t\t\t\t\t\t\t\t\t<\/div>\n\n\t\t\t<\/div>\n\t\t<\/div>\n\t\t<div class=\"qode-ni-content\">\n            \t<div class=\"qode-post-info-category\">\n\t\t<a href=\"https:\/\/jankweiler.at\/en\/kategorie\/closings-credentials-en\/\"><span class=\"qode-category-name\" >Deal Closings &amp; Credentials <\/span><\/a>\t<\/div>\n\t\t\t\n<h3 itemprop=\"name\" class=\"entry-title qode-post-title\">\n    <a itemprop=\"url\" href=\"https:\/\/jankweiler.at\/en\/deloitte-legal-supports-value-one-in-the-sale-of-student-living-brand-milestone-to-macquarie-asset-management\/\" title=\"Deloitte Legal supports Value One in the sale of student living brand MILESTONE to Macquarie Asset Management\">\n        Deloitte Legal supports Value One in the sale of student living brand MILESTONE to Macquarie Asset Management    <\/a>\n<\/h3>\t\t\t\t<div itemprop=\"dateCreated\" class=\"qode-post-info-date entry-date published updated\">\n\t    \t        <a itemprop=\"url\" href=\"https:\/\/jankweiler.at\/en\/2025\/07\/\">\n\t            <i class=\"dripicons-alarm\"><\/i>\n    \tJuly 2025        <\/a>\n\t    <meta itemprop=\"interactionCount\" content=\"UserComments: 0\"\/>\n\t<\/div>\n\t\t\t\n\n        <div class=\"qode-post-excerpt-holder\">\n            Macquarie Asset Management acquired the internationally successful student living operator MILESTONE from the Austrian real estate group Value One. Jank Weiler Operenyi, the Austrian law firm in the global Deloitte Legal network, advised Value One on this transaction.        <\/div>\n\n\t\t\t\t\t\t<\/div>\n\t<\/div>\n<\/div><div class=\"qode-news-item qode-layout2-item\">\n\t<div class=\"qode-news-item-inner\">\n\t\t<div class=\"qode-news-item-image-holder\">\n\t\t\t<div class=\"qode-news-item-image-holder-inner\">\n\t\t\t\t                <div class=\"qode-news-image-info-holder-left\">\n\t\t\t\t\t                <\/div>\n                <div class=\"qode-news-image-info-holder-right\">\n\t\t\t\t\t\t\t\t\t<\/div>\n\n\t\t\t<\/div>\n\t\t<\/div>\n\t\t<div class=\"qode-ni-content\">\n            \t<div class=\"qode-post-info-category\">\n\t\t<a href=\"https:\/\/jankweiler.at\/en\/kategorie\/rankings-awards\/\"><span class=\"qode-category-name\" style=\"background-color:#b7d319;\">Rankings &amp; Awards <\/span><\/a>\t<\/div>\n\t\t\t\n<h3 itemprop=\"name\" class=\"entry-title qode-post-title\">\n    <a itemprop=\"url\" href=\"https:\/\/jankweiler.at\/en\/trend-2025-ranks-maximilian-weiler-among-the-corporate-specialists\/\" title=\"Trend 2025 ranks Maximilian Weiler among the corporate specialists\">\n        Trend 2025 ranks Maximilian Weiler among the corporate specialists    <\/a>\n<\/h3>\t\t\t\t<div itemprop=\"dateCreated\" class=\"qode-post-info-date entry-date published updated\">\n\t    \t        <a itemprop=\"url\" href=\"https:\/\/jankweiler.at\/en\/2025\/04\/\">\n\t            <i class=\"dripicons-alarm\"><\/i>\n    \tApril 2025        <\/a>\n\t    <meta itemprop=\"interactionCount\" content=\"UserComments: 0\"\/>\n\t<\/div>\n\t\t\t\n\n        <div class=\"qode-post-excerpt-holder\">\n            \nAccording to Trend Maximilian Weiler is an expert in the field of corporate.        <\/div>\n\n\t\t\t\t\t\t<\/div>\n\t<\/div>\n<\/div><div class=\"qode-news-item qode-layout2-item\">\n\t<div class=\"qode-news-item-inner\">\n\t\t<div class=\"qode-news-item-image-holder\">\n\t\t\t<div class=\"qode-news-item-image-holder-inner\">\n\t\t\t\t                <div class=\"qode-news-image-info-holder-left\">\n\t\t\t\t\t                <\/div>\n                <div class=\"qode-news-image-info-holder-right\">\n\t\t\t\t\t\t\t\t\t<\/div>\n\n\t\t\t<\/div>\n\t\t<\/div>\n\t\t<div class=\"qode-ni-content\">\n            \t<div class=\"qode-post-info-category\">\n\t\t<a href=\"https:\/\/jankweiler.at\/en\/kategorie\/rankings-awards\/\"><span class=\"qode-category-name\" style=\"background-color:#b7d319;\">Rankings &amp; Awards <\/span><\/a>\t<\/div>\n\t\t\t\n<h3 itemprop=\"name\" class=\"entry-title qode-post-title\">\n    <a itemprop=\"url\" href=\"https:\/\/jankweiler.at\/en\/trend-2025-ranks-alexander-operenyi-among-the-top-ma-lawyers\/\" title=\"Trend 2025 ranks Alexander Operenyi among the top M&#038;A lawyers\">\n        Trend 2025 ranks Alexander Operenyi among the top M&#038;A lawyers    <\/a>\n<\/h3>\t\t\t\t<div itemprop=\"dateCreated\" class=\"qode-post-info-date entry-date published updated\">\n\t    \t        <a itemprop=\"url\" href=\"https:\/\/jankweiler.at\/en\/2025\/04\/\">\n\t            <i class=\"dripicons-alarm\"><\/i>\n    \tApril 2025        <\/a>\n\t    <meta itemprop=\"interactionCount\" content=\"UserComments: 0\"\/>\n\t<\/div>\n\t\t\t\n\n        <div class=\"qode-post-excerpt-holder\">\n            According to Trend Alexander Operenyi is an expert in the field of M&amp;A.        <\/div>\n\n\t\t\t\t\t\t<\/div>\n\t<\/div>\n<\/div><\/div><\/div>\t\t<\/div>\n\t\t\t\t<\/div>\n\t\t\t\t\t<\/div>\n\t\t<\/div>\n\t\t\t\t<div class=\"elementor-column elementor-col-33 elementor-inner-column elementor-element elementor-element-32aab840\" data-id=\"32aab840\" data-element_type=\"column\">\n\t\t\t<div class=\"elementor-widget-wrap elementor-element-populated\">\n\t\t\t\t\t\t<div class=\"elementor-element elementor-element-7c4ef49c elementor-align-left newscatlink elementor-widget elementor-widget-button\" data-id=\"7c4ef49c\" data-element_type=\"widget\" data-widget_type=\"button.default\">\n\t\t\t\t<div class=\"elementor-widget-container\">\n\t\t\t\t\t\t\t<div class=\"elementor-button-wrapper\">\n\t\t\t\t\t<a class=\"elementor-button elementor-button-link elementor-size-sm\" href=\"\/news\">\n\t\t\t\t\t\t<span class=\"elementor-button-content-wrapper\">\n\t\t\t\t\t\t<span class=\"elementor-button-icon\">\n\t\t\t\t<i aria-hidden=\"true\" class=\"fas fa-arrow-right\"><\/i>\t\t\t<\/span>\n\t\t\t\t\t\t\t\t\t<span class=\"elementor-button-text\">All news<\/span>\n\t\t\t\t\t<\/span>\n\t\t\t\t\t<\/a>\n\t\t\t\t<\/div>\n\t\t\t\t\t\t<\/div>\n\t\t\t\t<\/div>\n\t\t\t\t<div class=\"elementor-element elementor-element-66da2f3d elementor-align-left elementor-widget__width-inherit newscatlink elementor-widget elementor-widget-button\" data-id=\"66da2f3d\" data-element_type=\"widget\" data-widget_type=\"button.default\">\n\t\t\t\t<div class=\"elementor-widget-container\">\n\t\t\t\t\t\t\t<div class=\"elementor-button-wrapper\">\n\t\t\t\t\t<a class=\"elementor-button elementor-button-link elementor-size-sm\" href=\"https:\/\/www.linkedin.com\/company\/jank-weiler-operenyi-rechtsanw%C3%A4lte-og\/\" target=\"_blank\">\n\t\t\t\t\t\t<span class=\"elementor-button-content-wrapper\">\n\t\t\t\t\t\t<span class=\"elementor-button-icon\">\n\t\t\t\t<i aria-hidden=\"true\" class=\"fab fa-linkedin\"><\/i>\t\t\t<\/span>\n\t\t\t\t\t\t\t\t\t<span class=\"elementor-button-text\">Us on LinkedIn<\/span>\n\t\t\t\t\t<\/span>\n\t\t\t\t\t<\/a>\n\t\t\t\t<\/div>\n\t\t\t\t\t\t<\/div>\n\t\t\t\t<\/div>\n\t\t\t\t\t<\/div>\n\t\t<\/div>\n\t\t\t\t\t<\/div>\n\t\t<\/section>\n\t\t\t\t\t<\/div>\n\t\t<\/div>\n\t\t\t\t\t<\/div>\n\t\t<\/section>\n\t\t\t\t<section class=\"elementor-section elementor-top-section elementor-element elementor-element-c7b7c7d elementor-section-boxed elementor-section-height-default elementor-section-height-default parallax_section_no qode_elementor_container_no\" data-id=\"c7b7c7d\" data-element_type=\"section\">\n\t\t\t\t\t\t<div class=\"elementor-container elementor-column-gap-default\">\n\t\t\t\t\t<div class=\"elementor-column elementor-col-100 elementor-top-column elementor-element elementor-element-02d4a8a\" data-id=\"02d4a8a\" data-element_type=\"column\">\n\t\t\t<div class=\"elementor-widget-wrap\">\n\t\t\t\t\t\t\t<\/div>\n\t\t<\/div>\n\t\t\t\t\t<\/div>\n\t\t<\/section>\n\t\t\t\t<\/div>\n\t\t","protected":false},"excerpt":{"rendered":"<p>Corporate | M&amp;A #wearecorporatelaw Corporate We advise Austrian and international companies in all areas of corporate and company law. As part of our corporate law practice, we provide support in the design and implementation of holding structures, the formation and dissolution of companies, issues relating to management and supervisory bodies, shareholder disputes and the negotiation and implementation of complex contracts. Our expertise also includes all aspects of national and cross-border reorganizations and restructurings of companies, in particular carve-out transactions, post-merger integration as well as local and cross-border mergers, transformations, and demergers. In such transactions, we work in an interdisciplinary manner&#8230;<\/p>\n","protected":false},"author":4,"featured_media":7353,"parent":0,"menu_order":0,"comment_status":"closed","ping_status":"closed","template":"elementor_header_footer","meta":{"footnotes":""},"class_list":["post-10444","page","type-page","status-publish","has-post-thumbnail","hentry"],"_links":{"self":[{"href":"https:\/\/jankweiler.at\/en\/wp-json\/wp\/v2\/pages\/10444","targetHints":{"allow":["GET"]}}],"collection":[{"href":"https:\/\/jankweiler.at\/en\/wp-json\/wp\/v2\/pages"}],"about":[{"href":"https:\/\/jankweiler.at\/en\/wp-json\/wp\/v2\/types\/page"}],"author":[{"embeddable":true,"href":"https:\/\/jankweiler.at\/en\/wp-json\/wp\/v2\/users\/4"}],"replies":[{"embeddable":true,"href":"https:\/\/jankweiler.at\/en\/wp-json\/wp\/v2\/comments?post=10444"}],"version-history":[{"count":43,"href":"https:\/\/jankweiler.at\/en\/wp-json\/wp\/v2\/pages\/10444\/revisions"}],"predecessor-version":[{"id":17096,"href":"https:\/\/jankweiler.at\/en\/wp-json\/wp\/v2\/pages\/10444\/revisions\/17096"}],"wp:featuredmedia":[{"embeddable":true,"href":"https:\/\/jankweiler.at\/en\/wp-json\/wp\/v2\/media\/7353"}],"wp:attachment":[{"href":"https:\/\/jankweiler.at\/en\/wp-json\/wp\/v2\/media?parent=10444"}],"curies":[{"name":"wp","href":"https:\/\/api.w.org\/{rel}","templated":true}]}}